{"id":6389,"date":"2024-05-22T14:43:05","date_gmt":"2024-05-22T17:43:05","guid":{"rendered":"https:\/\/quimica.ufvjm.edu.br\/?page_id=6389"},"modified":"2024-05-22T14:50:54","modified_gmt":"2024-05-22T17:50:54","slug":"estrutura-curricular-2","status":"publish","type":"page","link":"https:\/\/quimica.ufvjm.edu.br\/?page_id=6389","title":{"rendered":"Estrutura curricular"},"content":{"rendered":"\n<figure class=\"wp-block-table\"><table><tbody><tr><td colspan=\"8\"><strong>PRIMEIRO PER\u00cdODO<\/strong><\/td><\/tr><tr><td rowspan=\"2\"><strong>C\u00f3digo<\/strong><\/td><td rowspan=\"2\"><strong>Unidade Curricular&nbsp;&nbsp;<\/strong><\/td><td colspan=\"5\"><strong>Carga Hor\u00e1ria<\/strong><\/td><td rowspan=\"2\"><strong>Cr\u00e9ditos<\/strong><\/td><\/tr><tr><td colspan=\"2\"><strong>Te\u00f3rica<\/strong><\/td><td><strong>Pr\u00e1tico<\/strong><\/td><td><strong>Est\u00e1gio<\/strong><\/td><td><strong>Total<\/strong><\/td><\/tr><tr><td>QUI032<\/td><td><a href=\"http:\/\/site.ufvjm.edu.br\/dequi\/files\/2017\/08\/QU%C3%8DMICA-GERAL-I.pdf\">Qu\u00edmica Geral I<\/a><\/td><td colspan=\"2\">60<\/td><td>30<\/td><td>0<\/td><td>90<\/td><td>06<\/td><\/tr><tr><td>MAT001<\/td><td><a href=\"http:\/\/site.ufvjm.edu.br\/dequi\/files\/2017\/08\/FUNDAMENTOS-DE-MATEM%C3%81TICA.pdf\">Fundamentos de Matem\u00e1tica<\/a><\/td><td colspan=\"2\">60<\/td><td>0<\/td><td>0<\/td><td>60<\/td><td>04<\/td><\/tr><tr><td>MAT002<\/td><td><a href=\"http:\/\/site.ufvjm.edu.br\/dequi\/files\/2017\/08\/GEOMETRIA-ANAL%C3%8DTICA.pdf\">Geometria Anal\u00edtica e \u00c1lgebra Linear<\/a><\/td><td colspan=\"2\">60<\/td><td>0<\/td><td>0<\/td><td>60<\/td><td>04<\/td><\/tr><tr><td>BIO100<\/td><td><a href=\"http:\/\/site.ufvjm.edu.br\/dequi\/files\/2017\/08\/FILOSOFIA-DA-EDUCA%C3%87%C3%83O.pdf\">Filosofia da Educa\u00e7\u00e3o<\/a><\/td><td colspan=\"2\">30<\/td><td>15<\/td><td>0<\/td><td>45<\/td><td>03<\/td><\/tr><tr><td>QUI025<\/td><td><a href=\"http:\/\/site.ufvjm.edu.br\/dequi\/files\/2017\/08\/METODOLOGIA.pdf\">Metodologia da Pesquisa Cient\u00edfica e Tecnol\u00f3gica<\/a><\/td><td colspan=\"2\">15<\/td><td>30<\/td><td>0<\/td><td>45<\/td><td>03<\/td><\/tr><tr><td>QUI068<\/td><td><a href=\"http:\/\/site.ufvjm.edu.br\/dequi\/files\/2017\/08\/QUIMICA-CI%C3%8ANCIA-E-TECNOLOGIA.pdf\">Qu\u00edmica: Ci\u00eancia e Tecnologias<\/a><\/td><td colspan=\"2\">15<\/td><td>0<\/td><td>0<\/td><td>15<\/td><td>01<\/td><\/tr><tr><td><strong>SUBTOTAL<\/strong><\/td><td><\/td><td colspan=\"2\"><strong>240<\/strong><\/td><td><strong>75<\/strong><\/td><td><strong>00<\/strong><\/td><td><strong>315<\/strong><\/td><td><strong>21<\/strong><\/td><\/tr><\/tbody><\/table><\/figure>\n\n\n\n<figure class=\"wp-block-table\"><table><tbody><tr><td colspan=\"8\"><strong>SEGUNDO PER\u00cdODO<\/strong><\/td><\/tr><tr><td rowspan=\"2\"><strong>C\u00f3digo<\/strong><\/td><td rowspan=\"2\"><strong>Unidade Curricular&nbsp;&nbsp;<\/strong><\/td><td colspan=\"5\"><strong>Carga Hor\u00e1ria<\/strong><\/td><td rowspan=\"2\"><strong>Cr\u00e9ditos<\/strong><\/td><\/tr><tr><td colspan=\"2\"><strong>Te\u00f3rica<\/strong><\/td><td><strong>Pr\u00e1tico<\/strong><\/td><td><strong>Est\u00e1gio<\/strong><\/td><td><strong>Total<\/strong><\/td><\/tr><tr><td>QUI072<\/td><td><a href=\"http:\/\/site.ufvjm.edu.br\/dequi\/files\/2017\/08\/QUIMICA-GERAL-II.pdf\">Qu\u00edmica Geral II<\/a><\/td><td colspan=\"2\">45<\/td><td>20<\/td><td>0<\/td><td>75<\/td><td>05<\/td><\/tr><tr><td>QUI071<\/td><td><a href=\"http:\/\/site.ufvjm.edu.br\/dequi\/files\/2017\/08\/INTRODU%C3%87%C3%83O-E-CIENCIAS.pdf\">Introdu\u00e7\u00e3o ao Ensino de Ci\u00eancias&nbsp;<\/a><\/td><td colspan=\"2\">15<\/td><td>0<\/td><td>0<\/td><td>60<\/td><td>04<\/td><\/tr><tr><td>MAT003<\/td><td><a href=\"http:\/\/site.ufvjm.edu.br\/dequi\/files\/2017\/08\/HISTORIA-DA-QUIMICA.pdf\">C\u00e1lculo Diferencial e Integral I<\/a><\/td><td colspan=\"2\">60<\/td><td>0<\/td><td>0<\/td><td>60<\/td><td>04<\/td><\/tr><tr><td>QUI070<\/td><td><a href=\"http:\/\/site.ufvjm.edu.br\/dequi\/files\/2017\/08\/HISTORIA-DA-QUIMICA.pdf\">Hist\u00f3ria da Qu\u00edmcia&nbsp;<\/a><\/td><td colspan=\"2\">45<\/td><td>0<\/td><td>0<\/td><td>45<\/td><td>03<\/td><\/tr><tr><td>QUI069<\/td><td><a href=\"http:\/\/site.ufvjm.edu.br\/dequi\/files\/2017\/08\/INTRODU%C3%87%C3%83O-E-CIENCIAS.pdf\">Educa\u00e7\u00e3o Cidadania e Direitos Humanos&nbsp;<\/a><\/td><td colspan=\"2\">0<\/td><td>0<\/td><td>0<\/td><td>60<\/td><td>04<\/td><\/tr><tr><td>QUI073<\/td><td><a href=\"http:\/\/site.ufvjm.edu.br\/dequi\/files\/2017\/08\/SOCIOLOGIA.pdf\">Sociologia da Educa\u00e7\u00e3o<\/a><\/td><td colspan=\"2\">0<\/td><td>0<\/td><td>0<\/td><td>60<\/td><td>04<\/td><\/tr><tr><td><strong>SUBTOTAL<\/strong><\/td><td><\/td><td colspan=\"2\"><strong>330<\/strong><\/td><td><strong>30<\/strong><\/td><td><strong>00<\/strong><\/td><td><strong>360<\/strong><\/td><td><strong>24<\/strong><\/td><\/tr><\/tbody><\/table><\/figure>\n\n\n\n<figure class=\"wp-block-table\"><table><tbody><tr><td colspan=\"8\"><strong>TERCEIRO PER\u00cdODO<\/strong><\/td><\/tr><tr><td rowspan=\"2\"><strong>C\u00f3digo<\/strong><\/td><td rowspan=\"2\"><strong>Unidade Curricular&nbsp;&nbsp;<\/strong><\/td><td colspan=\"5\"><strong>Carga Hor\u00e1ria<\/strong><\/td><td rowspan=\"2\"><strong>Cr\u00e9ditos<\/strong><\/td><\/tr><tr><td colspan=\"2\"><strong>Te\u00f3rica<\/strong><\/td><td><strong>Pr\u00e1tico<\/strong><\/td><td><strong>Est\u00e1gio<\/strong><\/td><td><strong>Total<\/strong><\/td><\/tr><tr><td>MAT005<\/td><td><a href=\"http:\/\/site.ufvjm.edu.br\/dequi\/files\/2017\/08\/CALCULO-II.pdf\">C\u00e1lculo Diferencial e Integral II<\/a><\/td><td>60<\/td><td colspan=\"2\">0<\/td><td>0<\/td><td>60<\/td><td>04<\/td><\/tr><tr><td>QUI003<\/td><td><a href=\"http:\/\/site.ufvjm.edu.br\/dequi\/files\/2017\/08\/F%C3%8DSICA-I.pdf\">F\u00edsica I<\/a><\/td><td>60<\/td><td colspan=\"2\">30<\/td><td>0<\/td><td>90<\/td><td>06<\/td><\/tr><tr><td>QUI015<\/td><td><a href=\"http:\/\/site.ufvjm.edu.br\/dequi\/files\/2017\/08\/INORGANICA-I.pdf\">Qu\u00edmica Inorg\u00e2ncia I<\/a><\/td><td>60<\/td><td colspan=\"2\">30<\/td><td>0<\/td><td>90<\/td><td>06<\/td><\/tr><tr><td>QUI004<\/td><td><a href=\"http:\/\/site.ufvjm.edu.br\/dequi\/files\/2017\/08\/QUIMICA-ANAL%C3%8DTICA-QUALITATIVA.pdf\">Qu\u00edmica Anal\u00edtica Qualitativa<\/a><\/td><td>60<\/td><td colspan=\"2\">30<\/td><td>0<\/td><td>90<\/td><td>06<\/td><\/tr><tr><td>TUR053<\/td><td><a href=\"http:\/\/site.ufvjm.edu.br\/dequi\/files\/2017\/08\/PSICOLOGIA.pdf\">Psicologia da Educa\u00e7\u00e3o<\/a><\/td><td>0<\/td><td colspan=\"2\">0<\/td><td>0<\/td><td>60<\/td><td>04<\/td><\/tr><tr><td><strong>SUBTOTAL<\/strong><\/td><td><\/td><td><strong>300<\/strong><\/td><td colspan=\"2\"><strong>90<\/strong><\/td><td><strong>00<\/strong><\/td><td><strong>390<\/strong><\/td><td><strong>26<\/strong><\/td><\/tr><\/tbody><\/table><\/figure>\n\n\n\n<figure class=\"wp-block-table\"><table><tbody><tr><td colspan=\"8\"><strong>QUARTO PER\u00cdODO<\/strong><\/td><\/tr><tr><td rowspan=\"2\"><strong>C\u00f3digo<\/strong><\/td><td rowspan=\"2\"><strong>Unidade Curricular<\/strong><\/td><td colspan=\"5\"><strong>Carga Hor\u00e1ria<\/strong><\/td><td rowspan=\"2\"><strong>Cr\u00e9ditos<\/strong><\/td><\/tr><tr><td colspan=\"2\"><strong>Te\u00f3rica<\/strong><\/td><td><strong>Pr\u00e1tico<\/strong><\/td><td><strong>Est\u00e1gio<\/strong><\/td><td><strong>Total<\/strong><\/td><\/tr><tr><td>QUI075<\/td><td><a href=\"http:\/\/site.ufvjm.edu.br\/dequi\/files\/2017\/08\/QUI075.pdf\">F\u00edsica II<\/a><\/td><td colspan=\"2\">45<\/td><td>30<\/td><td>0<\/td><td>75<\/td><td>05<\/td><\/tr><tr><td>QUI077<\/td><td><a href=\"http:\/\/site.ufvjm.edu.br\/dequi\/files\/2017\/08\/QUI077.pdf\">Qu\u00edmica Inorg\u00e2nica II<\/a><\/td><td colspan=\"2\">45<\/td><td>30<\/td><td>0<\/td><td>75<\/td><td>05<\/td><\/tr><tr><td>QUI076<\/td><td><a href=\"http:\/\/site.ufvjm.edu.br\/dequi\/files\/2017\/08\/QUI012.pdf\">Qu\u00edmica Anal\u00edtica Quantitativa<\/a><\/td><td colspan=\"2\">45<\/td><td>30<\/td><td>0<\/td><td>75<\/td><td>05<\/td><\/tr><tr><td>QUI074<\/td><td><a href=\"http:\/\/site.ufvjm.edu.br\/dequi\/files\/2017\/08\/QUI074.pdf\">Did\u00e1tica<\/a><\/td><td colspan=\"2\">60<\/td><td>0<\/td><td>0<\/td><td>60<\/td><td>04<\/td><\/tr><tr><td>BIO111<\/td><td><a href=\"http:\/\/site.ufvjm.edu.br\/dequi\/files\/2017\/08\/BIO111.pdf\">Pol\u00edticas Educacionais<\/a><\/td><td colspan=\"2\">60<\/td><td>15<\/td><td>0<\/td><td>75<\/td><td>05<\/td><\/tr><tr><td><strong>SUBTOTAL<\/strong><\/td><td><\/td><td colspan=\"2\"><strong>255<\/strong><\/td><td><strong>105<\/strong><\/td><td><strong>00<\/strong><\/td><td><strong>360<\/strong><\/td><td><strong>24<\/strong><\/td><\/tr><\/tbody><\/table><\/figure>\n\n\n\n<figure class=\"wp-block-table\"><table><tbody><tr><td colspan=\"8\"><strong>QUINTO PER\u00cdODO<\/strong><\/td><\/tr><tr><td rowspan=\"2\"><strong>C\u00f3digo<\/strong><\/td><td rowspan=\"2\"><strong>Unidade Curricular<\/strong><\/td><td colspan=\"5\"><strong>Carga Hor\u00e1ria<\/strong><\/td><td rowspan=\"2\"><strong>Cr\u00e9ditos<\/strong><\/td><\/tr><tr><td colspan=\"2\"><strong>Te\u00f3rica<\/strong><\/td><td><strong>Pr\u00e1tico<\/strong><\/td><td><strong>Est\u00e1gio<\/strong><\/td><td><strong>Total<\/strong><\/td><\/tr><tr><td>QUI007<\/td><td><a href=\"http:\/\/site.ufvjm.edu.br\/dequi\/files\/2017\/08\/QUI007.pdf\">F\u00edsico-Qu\u00edmica I<\/a><\/td><td colspan=\"2\">60<\/td><td>30<\/td><td>0<\/td><td>90<\/td><td>06<\/td><\/tr><tr><td>QUI008<\/td><td><a href=\"http:\/\/site.ufvjm.edu.br\/dequi\/files\/2017\/08\/QUI008.pdf\">Qu\u00edmica Org\u00e2nica I<\/a><\/td><td colspan=\"2\">60<\/td><td>30<\/td><td>0<\/td><td>90<\/td><td>06<\/td><\/tr><tr><td>QUI079<\/td><td><a href=\"http:\/\/site.ufvjm.edu.br\/dequi\/files\/2017\/08\/QUI079.pdf\">Qu\u00edmica Anal\u00edtica Instrumental<\/a><\/td><td colspan=\"2\">45<\/td><td>30<\/td><td>0<\/td><td>75<\/td><td>05<\/td><\/tr><tr><td>QUI078<\/td><td><a href=\"http:\/\/site.ufvjm.edu.br\/dequi\/files\/2017\/08\/QUI078.pdf\">Pr\u00e1tica de Ensino de Qu\u00edmica<\/a><\/td><td colspan=\"2\">30<\/td><td>30<\/td><td>0<\/td><td>60<\/td><td>04<\/td><\/tr><tr><td>QUI080<\/td><td><a href=\"http:\/\/site.ufvjm.edu.br\/dequi\/files\/2017\/08\/QUI078.pdf\">Gest\u00e3o Educacional<\/a><\/td><td colspan=\"2\">60<\/td><td>0<\/td><td>0<\/td><td>60<\/td><td>04<\/td><\/tr><tr><td><strong>SUBTOTAL<\/strong><\/td><td><\/td><td colspan=\"2\"><strong>255<\/strong><\/td><td><strong>120<\/strong><\/td><td><strong>00<\/strong><\/td><td><strong>375<\/strong><\/td><td><strong>25<\/strong><\/td><\/tr><\/tbody><\/table><\/figure>\n\n\n\n<figure class=\"wp-block-table\"><table><tbody><tr><td colspan=\"8\"><strong>SEXTO PER\u00cdODO<\/strong><\/td><\/tr><tr><td rowspan=\"2\"><strong>C\u00f3digo<\/strong><\/td><td rowspan=\"2\"><strong>Unidade Curricular<\/strong><\/td><td colspan=\"5\"><strong>Carga Hor\u00e1ria<\/strong><\/td><td rowspan=\"2\"><strong>Cr\u00e9ditos<\/strong><\/td><\/tr><tr><td colspan=\"2\"><strong>Te\u00f3rica<\/strong><\/td><td><strong>Pr\u00e1tico<\/strong><\/td><td><strong>Est\u00e1gio<\/strong><\/td><td><strong>Total<\/strong><\/td><\/tr><tr><td>QUI081<\/td><td><a href=\"http:\/\/site.ufvjm.edu.br\/dequi\/files\/2017\/08\/QUI081.pdf\">F\u00edscio-Qu\u00edmica II<\/a><\/td><td colspan=\"2\">45<\/td><td>30<\/td><td>0<\/td><td>75<\/td><td>05<\/td><\/tr><tr><td>QUI083<\/td><td><a href=\"http:\/\/site.ufvjm.edu.br\/dequi\/files\/2017\/08\/QUI083.pdf\">Qu\u00edmica Org\u00e2nica II<\/a><\/td><td colspan=\"2\">45<\/td><td>30<\/td><td>0<\/td><td>75<\/td><td>05<\/td><\/tr><tr><td>QUI082<\/td><td><a href=\"http:\/\/site.ufvjm.edu.br\/dequi\/files\/2017\/08\/QUI082.pdf\">M\u00e9todos e Instrumentos para o Ensino de Qu\u00edmica (MIEQI)<\/a><\/td><td colspan=\"2\">0<\/td><td>60<\/td><td>0<\/td><td>60<\/td><td>04<\/td><\/tr><tr><td>QUI017<\/td><td><a href=\"http:\/\/site.ufvjm.edu.br\/dequi\/files\/2017\/08\/QUI017.pdf\">Est\u00e1gio Supervisionado I<\/a><\/td><td colspan=\"2\">0<\/td><td>0<\/td><td>120<\/td><td>120<\/td><td>08<\/td><\/tr><tr><td>QUI067<\/td><td><a href=\"http:\/\/site.ufvjm.edu.br\/dequi\/files\/2017\/08\/QUI067.pdf\">Educa\u00e7\u00e3o Inclusiva e Especial<\/a><\/td><td colspan=\"2\">60<\/td><td>0<\/td><td>0<\/td><td>60<\/td><td>04<\/td><\/tr><tr><td><strong>TOTAL<\/strong><\/td><td><\/td><td colspan=\"2\"><strong>150<\/strong><\/td><td><strong>120<\/strong><\/td><td><strong>120<\/strong><\/td><td><strong>390<\/strong><\/td><td><strong>26<\/strong><\/td><\/tr><\/tbody><\/table><\/figure>\n\n\n\n<figure class=\"wp-block-table\"><table><tbody><tr><td colspan=\"8\"><strong>S\u00c9TIMO PER\u00cdODO<\/strong><\/td><\/tr><tr><td rowspan=\"2\"><strong>C\u00f3digo<\/strong><\/td><td rowspan=\"2\"><strong>Unidade Curricular<\/strong><\/td><td colspan=\"5\"><strong>Carga Hor\u00e1ria<\/strong><\/td><td rowspan=\"2\"><strong>Cr\u00e9ditos<\/strong><\/td><\/tr><tr><td colspan=\"2\"><strong>Te\u00f3rica<\/strong><\/td><td><strong>Pr\u00e1tico<\/strong><\/td><td><strong>Est\u00e1gio<\/strong><\/td><td><strong>Total<\/strong><\/td><\/tr><tr><td>QUI085<\/td><td><a href=\"http:\/\/site.ufvjm.edu.br\/dequi\/files\/2017\/08\/QUI085.pdf\">M\u00e9todos Instrumentais de An\u00e1lise Org\u00e2nica<\/a><\/td><td colspan=\"2\">45<\/td><td>0<\/td><td>0<\/td><td>45<\/td><td>03<\/td><\/tr><tr><td>QUI022<\/td><td><a href=\"http:\/\/site.ufvjm.edu.br\/dequi\/files\/2017\/08\/QUI022.pdf\">Bioqu\u00edmica<\/a><\/td><td colspan=\"2\">60<\/td><td>30<\/td><td>0<\/td><td>90<\/td><td>06<\/td><\/tr><tr><td>QUI084<\/td><td><a href=\"http:\/\/site.ufvjm.edu.br\/dequi\/files\/2017\/08\/QUI084.pdf\">M\u00e9todos e Instrumentos para o Ensino de Qu\u00edmica (MIEQII)<\/a><\/td><td colspan=\"2\">0<\/td><td>90<\/td><td>0<\/td><td>90<\/td><td>06<\/td><\/tr><tr><td>QUI021<\/td><td><a href=\"http:\/\/site.ufvjm.edu.br\/dequi\/files\/2017\/08\/QUI021.pdf\">Est\u00e1gio Supervisionado II<\/a><\/td><td colspan=\"2\">0<\/td><td>0<\/td><td>135<\/td><td>135<\/td><td>09<\/td><\/tr><tr><td>QUI086<\/td><td><a href=\"http:\/\/site.ufvjm.edu.br\/dequi\/files\/2017\/08\/QUI086.pdf\">Tecnologias Digitais de Informa\u00e7\u00e3o e Comunica\u00e7\u00e3o no Ensino<\/a><\/td><td colspan=\"2\">60<\/td><td>0<\/td><td>0<\/td><td>60<\/td><td>04<\/td><\/tr><tr><td><strong>SUBTOTAL<\/strong><\/td><td><\/td><td colspan=\"2\"><strong>165<\/strong><\/td><td><strong>120<\/strong><\/td><td><strong>135<\/strong><\/td><td><strong>420<\/strong><\/td><td><strong>28<\/strong><\/td><\/tr><\/tbody><\/table><\/figure>\n\n\n\n<figure class=\"wp-block-table\"><table><tbody><tr><td colspan=\"8\"><strong>OITAVO PER\u00cdODO<\/strong><\/td><\/tr><tr><td rowspan=\"2\"><strong>C\u00f3digo<\/strong><\/td><td rowspan=\"2\"><strong>Unidade Curricular<\/strong><\/td><td colspan=\"5\"><strong>Carga Hor\u00e1ria<\/strong><\/td><td rowspan=\"2\"><strong>Cr\u00e9ditos<\/strong><\/td><\/tr><tr><td colspan=\"2\"><strong>Te\u00f3rica<\/strong><\/td><td><strong>Pr\u00e1tico<\/strong><\/td><td><strong>Est\u00e1gio<\/strong><\/td><td><strong>Total<\/strong><\/td><\/tr><tr><td>QUI088<\/td><td><a href=\"http:\/\/site.ufvjm.edu.br\/dequi\/files\/2017\/08\/QUI088.pdf\">Trabalho de Conclus\u00e3o de Curso<\/a><\/td><td colspan=\"2\">0<\/td><td>0<\/td><td>0<\/td><td>0<\/td><td>01<\/td><\/tr><tr><td>QUI087<\/td><td><a href=\"http:\/\/site.ufvjm.edu.br\/dequi\/files\/2017\/08\/QUI087.pdf\">Qu\u00edmica Educa\u00e7\u00e3o e Meio Ambiente<\/a><\/td><td colspan=\"2\">0<\/td><td>60<\/td><td>0<\/td><td>60<\/td><td>04<\/td><\/tr><tr><td>QUI024<\/td><td><a href=\"http:\/\/site.ufvjm.edu.br\/dequi\/files\/2017\/08\/QUI024.pdf\">Est\u00e1gio Supervisionado III<\/a><\/td><td colspan=\"2\">0<\/td><td>0<\/td><td>150<\/td><td>150<\/td><td>10<\/td><\/tr><tr><td>QUI066<\/td><td><a href=\"http:\/\/site.ufvjm.edu.br\/dequi\/files\/2017\/08\/QUI066.pdf\">Linguagens e Intera\u00e7\u00f5es Discursivas no Ensino de Qu\u00edmica<\/a><\/td><td colspan=\"2\">60<\/td><td>0<\/td><td>0<\/td><td>60<\/td><td>04<\/td><\/tr><tr><td>LIBR001<\/td><td><a href=\"http:\/\/site.ufvjm.edu.br\/dequi\/files\/2017\/08\/LIBR001.pdf\">Libras<\/a><\/td><td colspan=\"2\">60<\/td><td>0<\/td><td>0<\/td><td>60<\/td><td>04<\/td><\/tr><tr><td>QUI028<\/td><td><a href=\"http:\/\/site.ufvjm.edu.br\/dequi\/files\/2017\/08\/QUI028.pdf\">Mineralogia<\/a><\/td><td colspan=\"2\">30<\/td><td>30<\/td><td>0<\/td><td>60<\/td><td>04<\/td><\/tr><tr><td><strong>SUBTOTAL<\/strong><\/td><td><\/td><td colspan=\"2\"><strong>150<\/strong><\/td><td><strong>90<\/strong><\/td><td><strong>150<\/strong><\/td><td><strong>390<\/strong><\/td><td><strong>27<\/strong><\/td><\/tr><tr><td><strong>TOTAL<\/strong><\/td><td><\/td><td colspan=\"2\"><strong>1845<\/strong><\/td><td><strong>750<\/strong><\/td><td><strong>405<\/strong><\/td><td><strong>3000<\/strong><\/td><td><\/td><\/tr><\/tbody><\/table><\/figure>\n\n\n\n<figure class=\"wp-block-table\"><table><tbody><tr><td colspan=\"8\"><strong>ATIVIDADES COMPLEMENTARES<\/strong><\/td><\/tr><tr><td rowspan=\"2\"><strong>C\u00f3digo<\/strong><\/td><td rowspan=\"2\"><strong>Unidade Curricular<\/strong><\/td><td colspan=\"5\"><strong>Carga Hor\u00e1ria<\/strong><\/td><td rowspan=\"2\"><strong>Cr\u00e9ditos<\/strong><\/td><\/tr><tr><td colspan=\"2\"><strong>Te\u00f3rica<\/strong><\/td><td><strong>Pr\u00e1tico<\/strong><\/td><td><strong>Est\u00e1gio<\/strong><\/td><td><strong>Total<\/strong><\/td><\/tr><tr><td>QUI089<\/td><td>ATIVIDADE ACAD\u00caMICO, CIENT\u00cdFICO E CULTURAL (AACC)<\/td><td colspan=\"2\">0<\/td><td>0<\/td><td>0<\/td><td>0<\/td><td>0<\/td><\/tr><\/tbody><\/table><\/figure>\n\n\n\n<p>Estruturas curriculares aprovadas no CONSEPE:<\/p>\n\n\n\n<ul>\n<li><a href=\"http:\/\/site.ufvjm.edu.br\/dequi\/files\/2017\/07\/EC_Qu%C3%ADmica_2018_2_Atualizada-em-22_07_2019.pdf\" class=\"ek-link\"><span style=\"text-decoration: underline;\" class=\"ek-underline\">2018\/2 \u2013 Aprovado pela Resolu\u00e7\u00e3o CONSEPE N\u00ba 31 de 2018<\/span><\/a><\/li>\n\n\n\n<li><a href=\"http:\/\/site.ufvjm.edu.br\/dequi\/files\/2017\/07\/EC-quimica_licenciatura_2009.pdf\" target=\"_blank\" rel=\"noreferrer noopener\" class=\"ek-link\"><span style=\"text-decoration: underline;\" class=\"ek-underline\">2009\/2\u00a0\u2013 Aprovada pela Resolu\u00e7\u00e3o CONSEPE N\u00ba 10 de 2009<\/span><\/a><\/li>\n<\/ul>\n","protected":false},"excerpt":{"rendered":"<p>PRIMEIRO PER\u00cdODO C\u00f3digo Unidade Curricular&nbsp;&nbsp; Carga Hor\u00e1ria Cr\u00e9ditos Te\u00f3rica Pr\u00e1tico Est\u00e1gio Total QUI032 Qu\u00edmica Geral I 60 30 0 90 06 MAT001 Fundamentos de Matem\u00e1tica 60 0 0 60 04 MAT002 Geometria Anal\u00edtica e \u00c1lgebra Linear 60 0 0 60 04 BIO100 Filosofia da Educa\u00e7\u00e3o 30 15 0 45 03 QUI025 Metodologia da Pesquisa Cient\u00edfica e Tecnol\u00f3gica 15 30 0 45 03 QUI068 Qu\u00edmica: Ci\u00eancia e Tecnologias 15 0 0 15 01 SUBTOTAL 240 75 00 315 21 SEGUNDO PER\u00cdODO C\u00f3digo Unidade Curricular&nbsp;&nbsp; Carga Hor\u00e1ria Cr\u00e9ditos Te\u00f3rica Pr\u00e1tico Est\u00e1gio Total QUI072 Qu\u00edmica Geral II 45 20 0 75 05 QUI071 Introdu\u00e7\u00e3o ao Ensino de Ci\u00eancias&nbsp; 15 0 0 60 04 MAT003 C\u00e1lculo Diferencial e Integral I 60 0 0 60 04 QUI070 Hist\u00f3ria da Qu\u00edmcia&nbsp; 45 0 0 45 03 QUI069 Educa\u00e7\u00e3o Cidadania e Direitos Humanos&nbsp; 0 0 0 60 04 QUI073 Sociologia da Educa\u00e7\u00e3o 0 0 0 60 04 SUBTOTAL 330 30 00 360 24 TERCEIRO PER\u00cdODO C\u00f3digo Unidade Curricular&nbsp;&nbsp; Carga Hor\u00e1ria Cr\u00e9ditos Te\u00f3rica Pr\u00e1tico Est\u00e1gio Total MAT005 C\u00e1lculo Diferencial e Integral II 60 0 0 60 04 QUI003 F\u00edsica I 60 30 0 90 06 QUI015 Qu\u00edmica Inorg\u00e2ncia I 60 30 0 90 06 QUI004 Qu\u00edmica Anal\u00edtica Qualitativa 60 30 0 90 06 TUR053 Psicologia da Educa\u00e7\u00e3o 0 0 0 60 04 SUBTOTAL 300 90 00 390 26 QUARTO PER\u00cdODO C\u00f3digo Unidade Curricular Carga Hor\u00e1ria Cr\u00e9ditos Te\u00f3rica Pr\u00e1tico Est\u00e1gio Total QUI075 F\u00edsica II 45 30 0 75 05 QUI077 Qu\u00edmica Inorg\u00e2nica II 45 30 0 75 05 QUI076 Qu\u00edmica Anal\u00edtica Quantitativa 45 30 0 75 05 QUI074 Did\u00e1tica 60 0 0 60 04 BIO111 Pol\u00edticas Educacionais 60 15 0 75 05 SUBTOTAL 255 105 00 360 24 QUINTO PER\u00cdODO C\u00f3digo Unidade Curricular Carga Hor\u00e1ria Cr\u00e9ditos Te\u00f3rica Pr\u00e1tico Est\u00e1gio Total QUI007 F\u00edsico-Qu\u00edmica I 60 30 0 90 06 QUI008 Qu\u00edmica Org\u00e2nica I 60 30 0 90 06 QUI079 Qu\u00edmica Anal\u00edtica Instrumental 45 30 0 75 05 QUI078 Pr\u00e1tica de Ensino de Qu\u00edmica 30 30 0 60 04 QUI080 Gest\u00e3o Educacional 60 0 0 60 04 SUBTOTAL 255 120 00 375 25 SEXTO PER\u00cdODO C\u00f3digo Unidade Curricular Carga Hor\u00e1ria Cr\u00e9ditos Te\u00f3rica Pr\u00e1tico Est\u00e1gio Total QUI081 F\u00edscio-Qu\u00edmica II 45 30 0 75 05 QUI083 Qu\u00edmica Org\u00e2nica II 45 30 0 75 05 QUI082 M\u00e9todos e Instrumentos para o Ensino de Qu\u00edmica (MIEQI) 0 60 0 60 04 QUI017 Est\u00e1gio Supervisionado I 0 0 120 120 08 QUI067 Educa\u00e7\u00e3o Inclusiva e Especial 60 0 0 60 04 TOTAL 150 120 120 390 26 S\u00c9TIMO PER\u00cdODO C\u00f3digo Unidade Curricular Carga Hor\u00e1ria Cr\u00e9ditos Te\u00f3rica Pr\u00e1tico Est\u00e1gio Total QUI085 M\u00e9todos Instrumentais de An\u00e1lise Org\u00e2nica 45 0 0 45 03 QUI022 Bioqu\u00edmica 60 30 0 90 06 QUI084 M\u00e9todos e Instrumentos para o Ensino de Qu\u00edmica (MIEQII) 0 90 0 90 06 QUI021 Est\u00e1gio Supervisionado II 0 0 135 135 09 QUI086 Tecnologias Digitais de Informa\u00e7\u00e3o e Comunica\u00e7\u00e3o no Ensino 60 0 0 60 04 SUBTOTAL 165 120 135 420 28 OITAVO PER\u00cdODO C\u00f3digo Unidade Curricular Carga Hor\u00e1ria Cr\u00e9ditos Te\u00f3rica Pr\u00e1tico Est\u00e1gio Total QUI088 Trabalho de Conclus\u00e3o de Curso 0 0 0 0 01 QUI087 Qu\u00edmica Educa\u00e7\u00e3o e Meio Ambiente 0 60 0 60 04 QUI024 Est\u00e1gio Supervisionado III 0 0 150 150 10 QUI066 Linguagens e Intera\u00e7\u00f5es Discursivas no Ensino de Qu\u00edmica 60 0 0 60 04 LIBR001 Libras 60 0 0 60 04 QUI028 Mineralogia 30 30 0 60 04 SUBTOTAL 150 90 150 390 27 TOTAL 1845 750 405 3000 ATIVIDADES COMPLEMENTARES C\u00f3digo Unidade Curricular Carga Hor\u00e1ria Cr\u00e9ditos Te\u00f3rica Pr\u00e1tico Est\u00e1gio Total QUI089 ATIVIDADE ACAD\u00caMICO, CIENT\u00cdFICO E CULTURAL (AACC) 0 0 0 0 0 Estruturas curriculares aprovadas no CONSEPE:<\/p>\n","protected":false},"author":1,"featured_media":0,"parent":0,"menu_order":0,"comment_status":"closed","ping_status":"closed","template":"","meta":{"_editorskit_title_hidden":false,"_editorskit_reading_time":0,"_editorskit_is_block_options_detached":false,"_editorskit_block_options_position":"{}","_exactmetrics_skip_tracking":false,"_exactmetrics_sitenote_active":false,"_exactmetrics_sitenote_note":"","_exactmetrics_sitenote_category":0,"footnotes":""},"_links":{"self":[{"href":"https:\/\/quimica.ufvjm.edu.br\/index.php?rest_route=\/wp\/v2\/pages\/6389"}],"collection":[{"href":"https:\/\/quimica.ufvjm.edu.br\/index.php?rest_route=\/wp\/v2\/pages"}],"about":[{"href":"https:\/\/quimica.ufvjm.edu.br\/index.php?rest_route=\/wp\/v2\/types\/page"}],"author":[{"embeddable":true,"href":"https:\/\/quimica.ufvjm.edu.br\/index.php?rest_route=\/wp\/v2\/users\/1"}],"replies":[{"embeddable":true,"href":"https:\/\/quimica.ufvjm.edu.br\/index.php?rest_route=%2Fwp%2Fv2%2Fcomments&post=6389"}],"version-history":[{"count":10,"href":"https:\/\/quimica.ufvjm.edu.br\/index.php?rest_route=\/wp\/v2\/pages\/6389\/revisions"}],"predecessor-version":[{"id":6407,"href":"https:\/\/quimica.ufvjm.edu.br\/index.php?rest_route=\/wp\/v2\/pages\/6389\/revisions\/6407"}],"wp:attachment":[{"href":"https:\/\/quimica.ufvjm.edu.br\/index.php?rest_route=%2Fwp%2Fv2%2Fmedia&parent=6389"}],"curies":[{"name":"wp","href":"https:\/\/api.w.org\/{rel}","templated":true}]}}