{"id":6345,"date":"2024-05-16T15:56:40","date_gmt":"2024-05-16T18:56:40","guid":{"rendered":"https:\/\/quimica.ufvjm.edu.br\/?page_id=6345"},"modified":"2024-05-16T15:57:41","modified_gmt":"2024-05-16T18:57:41","slug":"lista-de-ramais-2","status":"publish","type":"page","link":"https:\/\/quimica.ufvjm.edu.br\/?page_id=6345","title":{"rendered":"Lista de ramais"},"content":{"rendered":"\n<figure class=\"wp-block-table\"><table><tbody><tr><td><strong>SALAS<\/strong><\/td><td><strong>VOIP<\/strong><\/td><\/tr><tr><td>Dire\u00e7\u00e3o da Unidade Acad\u00eamica (FACET)<\/td><td>8320<\/td><\/tr><tr><td>Secretaria da FACET<\/td><td>6820<\/td><\/tr><tr><td>Chefia do Departamento<\/td><td>8330<\/td><\/tr><tr><td>Vice-Chefe<\/td><td>8302<\/td><\/tr><tr><td>Coordena\u00e7\u00e3o do Curso de Gradua\u00e7\u00e3o<\/td><td>8299<\/td><\/tr><tr><td>Coordena\u00e7\u00e3o da P\u00f3s-gradua\u00e7\u00e3o<\/td><td>8303<\/td><\/tr><tr><td>Profa. Aline de Souza Janerine<\/td><td>8323<\/td><\/tr><tr><td>Profa. Ang\u00e9lica Oliveira Ara\u00fajo<\/td><td>8323<\/td><\/tr><tr><td>Profa. Cristina Fontes Diniz<\/td><td>8330<\/td><\/tr><tr><td>Profa. Lara Carlette Thiengo<\/td><td>8300<\/td><\/tr><tr><td>Prof. Frederico Ramos&nbsp;Fioravante<\/td><td>8302<\/td><\/tr><tr><td>Profa.H\u00e9len Rose de Castro&nbsp;Silva Andrade<\/td><td>8299<\/td><\/tr><tr><td>Prof. Jo\u00e3o Paulo de Mesquita<\/td><td>8303<\/td><\/tr><tr><td>Prof. Leandro Rodrigues de Lemos<\/td><td>8303<\/td><\/tr><tr><td>Prof. Leonardo Morais&nbsp;da Silva<\/td><td>8148<\/td><\/tr><tr><td>Profa. Patr\u00edcia Machado de Oliveira<\/td><td>8299<\/td><\/tr><tr><td>Profa. Paulo Henrique Fid\u00eancio<\/td><td>8302<\/td><\/tr><tr><td>Prof. Rodrigo Moreira&nbsp;Verly<\/td><td>8298<\/td><\/tr><tr><td>Profa. Roqueline&nbsp; Rodrigues Silva<\/td><td>8320<\/td><\/tr><tr><td>T\u00e9cnicos<\/td><td>8301<\/td><\/tr><\/tbody><\/table><\/figure>\n\n\n\n<br>\n\n\n\n<hr class=\"wp-block-separator has-alpha-channel-opacity\"\/>\n\n\n\n<p>Telefone geral: 55 xx (38) 3532-1200 e (38) 3532 \u2013 6800<\/p>\n","protected":false},"excerpt":{"rendered":"<p>SALAS VOIP Dire\u00e7\u00e3o da Unidade Acad\u00eamica (FACET) 8320 Secretaria da FACET 6820 Chefia do Departamento 8330 Vice-Chefe 8302 Coordena\u00e7\u00e3o do Curso de Gradua\u00e7\u00e3o 8299 Coordena\u00e7\u00e3o da P\u00f3s-gradua\u00e7\u00e3o 8303 Profa. Aline de Souza Janerine 8323 Profa. Ang\u00e9lica Oliveira Ara\u00fajo 8323 Profa. Cristina Fontes Diniz 8330 Profa. Lara Carlette Thiengo 8300 Prof. Frederico Ramos&nbsp;Fioravante 8302 Profa.H\u00e9len Rose de Castro&nbsp;Silva Andrade 8299 Prof. Jo\u00e3o Paulo de Mesquita 8303 Prof. Leandro Rodrigues de Lemos 8303 Prof. Leonardo Morais&nbsp;da Silva 8148 Profa. Patr\u00edcia Machado de Oliveira 8299 Profa. Paulo Henrique Fid\u00eancio 8302 Prof. Rodrigo Moreira&nbsp;Verly 8298 Profa. Roqueline&nbsp; Rodrigues Silva 8320 T\u00e9cnicos 8301 Telefone geral: 55 xx (38) 3532-1200 e (38) 3532 \u2013 6800<\/p>\n","protected":false},"author":1,"featured_media":0,"parent":0,"menu_order":0,"comment_status":"closed","ping_status":"closed","template":"","meta":{"_editorskit_title_hidden":false,"_editorskit_reading_time":0,"_editorskit_is_block_options_detached":false,"_editorskit_block_options_position":"{}","_exactmetrics_skip_tracking":false,"_exactmetrics_sitenote_active":false,"_exactmetrics_sitenote_note":"","_exactmetrics_sitenote_category":0,"footnotes":""},"_links":{"self":[{"href":"https:\/\/quimica.ufvjm.edu.br\/index.php?rest_route=\/wp\/v2\/pages\/6345"}],"collection":[{"href":"https:\/\/quimica.ufvjm.edu.br\/index.php?rest_route=\/wp\/v2\/pages"}],"about":[{"href":"https:\/\/quimica.ufvjm.edu.br\/index.php?rest_route=\/wp\/v2\/types\/page"}],"author":[{"embeddable":true,"href":"https:\/\/quimica.ufvjm.edu.br\/index.php?rest_route=\/wp\/v2\/users\/1"}],"replies":[{"embeddable":true,"href":"https:\/\/quimica.ufvjm.edu.br\/index.php?rest_route=%2Fwp%2Fv2%2Fcomments&post=6345"}],"version-history":[{"count":2,"href":"https:\/\/quimica.ufvjm.edu.br\/index.php?rest_route=\/wp\/v2\/pages\/6345\/revisions"}],"predecessor-version":[{"id":6349,"href":"https:\/\/quimica.ufvjm.edu.br\/index.php?rest_route=\/wp\/v2\/pages\/6345\/revisions\/6349"}],"wp:attachment":[{"href":"https:\/\/quimica.ufvjm.edu.br\/index.php?rest_route=%2Fwp%2Fv2%2Fmedia&parent=6345"}],"curies":[{"name":"wp","href":"https:\/\/api.w.org\/{rel}","templated":true}]}}