{"id":6319,"date":"2024-05-15T18:45:37","date_gmt":"2024-05-15T21:45:37","guid":{"rendered":"https:\/\/quimica.ufvjm.edu.br\/?page_id=6319"},"modified":"2026-04-28T22:30:55","modified_gmt":"2026-04-29T01:30:55","slug":"colegiado-do-curso","status":"publish","type":"page","link":"https:\/\/quimica.ufvjm.edu.br\/?page_id=6319","title":{"rendered":"Colegiados dos Cursos"},"content":{"rendered":"\n<p class=\"has-text-align-justify\">O <strong>colegiado \u00e9 o \u00f3rg\u00e3o de decis\u00e3o maior na esfera do Curso<\/strong>, respons\u00e1vel pela articula\u00e7\u00e3o da forma\u00e7\u00e3o acad\u00eamica e o&nbsp;acompanhamento, juntamente com a Coordena\u00e7\u00e3o, do processo de ensino e aprendizagem. <\/p>\n\n\n\n<hr class=\"wp-block-separator has-alpha-channel-opacity\"\/>\n\n\n\n<h2 class=\"wp-block-heading\"><strong>Qu\u00edmica Licenciatura<\/strong><\/h2>\n\n\n\n<p class=\"has-text-align-justify\">As normas que regem o funcionamento do Colegiado do curso est\u00e3o elencadas no&nbsp;<a aria-label=\" (opens in a new tab)\" href=\"http:\/\/site.ufvjm.edu.br\/dequi\/files\/2017\/07\/REGIMENTO-DO-COLEGIADO-DO-CURSO.pdf\" target=\"_blank\" rel=\"noreferrer noopener\" class=\"ek-link\"><strong>REGIMENTO INTERNO DO COLEGIADO DO CURSO DE GRADUA\u00c7\u00c3O EM QU\u00cdMICA LICENCIATURA.<\/strong><\/a><\/p>\n\n\n\n<h4 class=\"wp-block-heading\"><strong>Representantes docentes&nbsp;do DEQUI&nbsp;<\/strong><\/h4>\n\n\n\n<ol>\n<li>Patr\u00edcia Machado de Oliveira (Presidente)<\/li>\n\n\n\n<li>Aline de Souza Janerine (Vice-presidente)<\/li>\n\n\n\n<li> (Titular)<\/li>\n\n\n\n<li> (Suplente)<\/li>\n\n\n\n<li> (Titular)<\/li>\n\n\n\n<li> (Suplente)<\/li>\n\n\n\n<li> (Titular)<\/li>\n\n\n\n<li><\/li>\n<\/ol>\n\n\n\n\n\n<h4 class=\"wp-block-heading\"><strong>Representantes docentes\u00a0 <\/strong><\/h4>\n\n\n\n<ol>\n<li>Gilmar de Sousa Ferreira (Titular)<\/li>\n\n\n\n<li>Emerson Cotta Bodevan (Suplente)<\/li>\n\n\n\n<li>Marcelo Buosi (Titular)<\/li>\n\n\n\n<li>Josiane Magalh\u00e3es Teixeira (Suplente)<\/li>\n<\/ol>\n\n\n\n<br>\n\n\n\n<h4 class=\"wp-block-heading\"><strong>Representantes discentes&nbsp;<\/strong><\/h4>\n\n\n\n\n\n<h5 class=\"wp-block-heading\"><strong>Contato do colegiado: \u00a0colegiado.quimica@ufvjm.edu.br<\/strong><\/h5>\n\n\n\n<hr class=\"wp-block-separator has-alpha-channel-opacity\"\/>\n\n\n\n<div class=\"wp-block-group is-layout-constrained wp-block-group-is-layout-constrained\"><div class=\"wp-block-group__inner-container\">\n<div style=\"height:0px\" aria-hidden=\"true\" class=\"wp-block-spacer\"><\/div>\n<\/div><\/div>\n\n\n\n<h2 class=\"wp-block-heading\"><strong>Qu\u00edmica Tecnol\u00f3gica<\/strong><\/h2>\n\n\n\n<p class=\"has-text-align-justify\"><strong>Representantes docentes&nbsp;do DEQUI&nbsp;<\/strong><\/p>\n\n\n\n<ol>\n<li>Patr\u00edcia Machado de Oliveira (Presidente)<\/li>\n\n\n\n<li>Aline de Souza Janerine (Vice-presidente)<\/li>\n\n\n\n<li> (Titular)<\/li>\n\n\n\n<li> (Suplente)<\/li>\n\n\n\n<li> (Titular)<\/li>\n\n\n\n<li> (Suplente)<\/li>\n\n\n\n<li> (Titular)<\/li>\n\n\n\n<li><\/li>\n<\/ol>\n\n\n\n<br>\n\n\n\n<h4 class=\"wp-block-heading\"><strong>Representantes docentes\u00a0 <\/strong><\/h4>\n\n\n\n<ol>\n<li>Gilmar de Sousa Ferreira (Titular)<\/li>\n\n\n\n<li>Emerson Cotta Bodevan (Suplente)<\/li>\n\n\n\n<li>Marcelo Buosi (Titular)<\/li>\n\n\n\n<li>Josiane Magalh\u00e3es Teixeira (Suplente)<\/li>\n<\/ol>\n\n\n\n<br>\n\n\n\n<h4 class=\"wp-block-heading\"><strong>Representantes discentes&nbsp;<\/strong><\/h4>\n","protected":false},"excerpt":{"rendered":"<p>O colegiado \u00e9 o \u00f3rg\u00e3o de decis\u00e3o maior na esfera do Curso, respons\u00e1vel pela articula\u00e7\u00e3o da forma\u00e7\u00e3o acad\u00eamica e o&nbsp;acompanhamento, juntamente com a Coordena\u00e7\u00e3o, do processo de ensino e aprendizagem. Qu\u00edmica Licenciatura As normas que regem o funcionamento do Colegiado do curso est\u00e3o elencadas no&nbsp;REGIMENTO INTERNO DO COLEGIADO DO CURSO DE GRADUA\u00c7\u00c3O EM QU\u00cdMICA LICENCIATURA. Representantes docentes&nbsp;do DEQUI&nbsp; Representantes docentes\u00a0 Representantes discentes&nbsp; Contato do colegiado: \u00a0colegiado.quimica@ufvjm.edu.br Qu\u00edmica Tecnol\u00f3gica Representantes docentes&nbsp;do DEQUI&nbsp; Representantes docentes\u00a0 Representantes discentes&nbsp;<\/p>\n","protected":false},"author":1,"featured_media":0,"parent":0,"menu_order":0,"comment_status":"closed","ping_status":"closed","template":"","meta":{"_editorskit_title_hidden":false,"_editorskit_reading_time":0,"_editorskit_is_block_options_detached":false,"_editorskit_block_options_position":"{}","_exactmetrics_skip_tracking":false,"_exactmetrics_sitenote_active":false,"_exactmetrics_sitenote_note":"","_exactmetrics_sitenote_category":0,"footnotes":""},"_links":{"self":[{"href":"https:\/\/quimica.ufvjm.edu.br\/index.php?rest_route=\/wp\/v2\/pages\/6319"}],"collection":[{"href":"https:\/\/quimica.ufvjm.edu.br\/index.php?rest_route=\/wp\/v2\/pages"}],"about":[{"href":"https:\/\/quimica.ufvjm.edu.br\/index.php?rest_route=\/wp\/v2\/types\/page"}],"author":[{"embeddable":true,"href":"https:\/\/quimica.ufvjm.edu.br\/index.php?rest_route=\/wp\/v2\/users\/1"}],"replies":[{"embeddable":true,"href":"https:\/\/quimica.ufvjm.edu.br\/index.php?rest_route=%2Fwp%2Fv2%2Fcomments&post=6319"}],"version-history":[{"count":12,"href":"https:\/\/quimica.ufvjm.edu.br\/index.php?rest_route=\/wp\/v2\/pages\/6319\/revisions"}],"predecessor-version":[{"id":7598,"href":"https:\/\/quimica.ufvjm.edu.br\/index.php?rest_route=\/wp\/v2\/pages\/6319\/revisions\/7598"}],"wp:attachment":[{"href":"https:\/\/quimica.ufvjm.edu.br\/index.php?rest_route=%2Fwp%2Fv2%2Fmedia&parent=6319"}],"curies":[{"name":"wp","href":"https:\/\/api.w.org\/{rel}","templated":true}]}}