{"id":6264,"date":"2024-05-15T16:25:46","date_gmt":"2024-05-15T19:25:46","guid":{"rendered":"https:\/\/quimica.ufvjm.edu.br\/?page_id=6264"},"modified":"2024-05-22T15:01:58","modified_gmt":"2024-05-22T18:01:58","slug":"projeto-pedagogico","status":"publish","type":"page","link":"https:\/\/quimica.ufvjm.edu.br\/?page_id=6264","title":{"rendered":"Projeto pedag\u00f3gico"},"content":{"rendered":"\n<p class=\"has-text-align-justify\">Espa\u00e7os institucionais permanentes de discuss\u00e3o do curr\u00edculo do Curso foram adotados em diferentes momentos, culminando na reformula\u00e7\u00e3o da proposta pedag\u00f3gica vigente desde de 2009. Considerando o compromisso com o fortalecimento da autonomia do licenciando na gest\u00e3o da sala de aula, na sua maior compreens\u00e3o da unidade entre conhecimentos te\u00f3ricos e pr\u00e1ticos, ainda para &nbsp;o atendimento \u00e0 legisla\u00e7\u00e3o e normas vigentes, o&nbsp;Curso de Qu\u00edmica aprova por meio da Resolu\u00e7\u00e3o Consepe N<sup>o&nbsp;<\/sup>31 de 2018 a terceira vers\u00e3o do seu Projeto Pedag\u00f3gico.<\/p>\n\n\n\n<figure class=\"wp-block-table\"><table><tbody><tr><td class=\"has-text-align-center\" data-align=\"center\"><strong>MODALIDADE<\/strong><\/td><td class=\"has-text-align-center\" data-align=\"center\"><strong>CARGA HOR\u00c1RIA<\/strong><\/td><td class=\"has-text-align-center\" data-align=\"center\"><strong>TEMPO DE INTEGRALIZA\u00c7\u00c3O<\/strong><\/td><td class=\"has-text-align-center\" data-align=\"center\"><strong>TURNO<\/strong><\/td><td class=\"has-text-align-center\" data-align=\"center\"><strong>VAGAS<\/strong><\/td><td class=\"has-text-align-center\" data-align=\"center\"><strong>FORMAS DE INGRESSO<\/strong><\/td><\/tr><tr><td class=\"has-text-align-center\" data-align=\"center\">Licenciatura presencial: Campus Diamantina\/MG<\/td><td class=\"has-text-align-center\" data-align=\"center\">3215h<\/td><td class=\"has-text-align-center\" data-align=\"center\">M\u00ednimo: 4 anos<br>M\u00e1ximo: 6 anos<\/td><td class=\"has-text-align-center\" data-align=\"center\">Noturno<\/td><td class=\"has-text-align-center\" data-align=\"center\">30 por semestre<\/td><td class=\"has-text-align-center\" data-align=\"center\">SISU\/ENEM<br>SASI<\/td><\/tr><\/tbody><\/table><\/figure>\n\n\n\n<br>\n<section id=\"idg_wp_widget_area_5\" class=\"services\">\n\t <div class=\"container\">\n\t      <div class=\"row\">\n                   <div class=\"overflow-wrapper\">\n\n\t\t\t<div id=\"feature_card-3\" class=\"widget_feature_card col-sm-12 col-md-6 col-lg-3 mb-4 widget_feature_card menu-col\">\n\t\t             <div class=\"text-center card-1\">\n                                  <a href=\"https:\/\/drive.google.com\/file\/d\/1Ha7_qNSzc7Ff3YQXfgpHRn27Z8aIxBF_\/view\" target=\"_target\" rel=\"noopener\">\n\t\t\t          <div class=\"align\">\n\t\t\t\t       <figure><img decoding=\"async\" width=\"200px\" src=\"https:\/\/quimica.ufvjm.edu.br\/wp-admin\/images\/icons\/proj2018-2.png?_t=1715802162\"><figure>\t\t\t\t\t\t\t                        \n                                  <\/div>\n                                  <\/a>\n                             <\/div>\n\t\t       <\/div>\t\n\n                      <div id=\"feature_card-3\" class=\"widget_feature_card col-sm-12 col-md-6 col-lg-3 mb-4 widget_feature_card menu-col\">\n\t\t             <div class=\"text-center card-1\">\n                                  <a href=\"https:\/\/quimica.ufvjm.edu.br\/?page_id=6389\" target=\"_self\" rel=\"noopener\">\n\t\t\t          <div class=\"align\">\n\t\t\t\t       <figure><img decoding=\"async\" width=\"200px\" src=\"https:\/\/quimica.ufvjm.edu.br\/wp-admin\/images\/icons\/estruturacurricular2018-2.png?_t=1715802162\"><figure>\t\t\t\t\t\t\t                        \n                                  <\/div>\n                                  <\/a>\n                             <\/div>\n\t\t       <\/div>\n\n                      <div id=\"feature_card-3\" class=\"widget_feature_card col-sm-12 col-md-6 col-lg-3 mb-4 widget_feature_card menu-col\">\n\t\t             <div class=\"text-center card-1\">\n                                  <a href=\"https:\/\/quimica.ufvjm.edu.br\/?page_id=6409\" target=\"_self\" rel=\"noopener\">\n\t\t\t          <div class=\"align\">\n\t\t\t\t       <figure><img decoding=\"async\" width=\"200px\" src=\"https:\/\/quimica.ufvjm.edu.br\/wp-admin\/images\/icons\/unidadescurriculares.png?_t=1715802162\"><figure>\t\t\t\t\t\t\t                        \n                                  <\/div>\n                                  <\/a>\n                             <\/div>\n\t\t       <\/div>\n\n                       <div id=\"feature_card-3\" class=\"widget_feature_card col-sm-12 col-md-6 col-lg-3 mb-4 widget_feature_card menu-col\">\n\t\t             <div class=\"text-center card-1\">\n                                  <a href=\"https:\/\/drive.google.com\/file\/d\/1VzbSLLsdqveflPfYinhK6LuAKRgGfO3f\/view\" target=\"_target\" rel=\"noopener\">\n\t\t\t          <div class=\"align\">\n\t\t\t\t       <figure><img decoding=\"async\" width=\"200px\" src=\"https:\/\/quimica.ufvjm.edu.br\/wp-admin\/images\/icons\/proj2009-2.png?_t=1715802162\"><figure>\t\t\t\t\t\t\t                        \n                                  <\/div>\n                                  <\/a>\n                             <\/div>\n\t\t       <\/div>\n\n\n                       <div id=\"feature_card-3\" class=\"widget_feature_card col-sm-12 col-md-6 col-lg-3 mb-4 widget_feature_card menu-col\">\n\t\t             <div class=\"text-center card-1\">\n                                  <a href=\"https:\/\/drive.google.com\/file\/d\/1r9tJqxvSlzIUK9X81Vp4KcxDW4nFOypL\/view\" target=\"_target\" rel=\"noopener\">\n\t\t\t          <div class=\"align\">\n\t\t\t\t       <figure><img decoding=\"async\" width=\"200px\" src=\"https:\/\/quimica.ufvjm.edu.br\/wp-admin\/images\/icons\/estruturacurricular2009-2.png?_t=1715802162\"><figure>\t\t\t\t\t\t\t                        \n                                  <\/div>\n                                  <\/a>\n                             <\/div>\n\t\t       <\/div>\n\n\n                    <\/div>\n\t\t<\/div>\n\t<\/div>\n<\/section>\n","protected":false},"excerpt":{"rendered":"<p>Espa\u00e7os institucionais permanentes de discuss\u00e3o do curr\u00edculo do Curso foram adotados em diferentes momentos, culminando na reformula\u00e7\u00e3o da proposta pedag\u00f3gica vigente desde de 2009. Considerando o compromisso com o fortalecimento da autonomia do licenciando na gest\u00e3o da sala de aula, na sua maior compreens\u00e3o da unidade entre conhecimentos te\u00f3ricos e pr\u00e1ticos, ainda para &nbsp;o atendimento \u00e0 legisla\u00e7\u00e3o e normas vigentes, o&nbsp;Curso de Qu\u00edmica aprova por meio da Resolu\u00e7\u00e3o Consepe No&nbsp;31 de 2018 a terceira vers\u00e3o do seu Projeto Pedag\u00f3gico. MODALIDADE CARGA HOR\u00c1RIA TEMPO DE INTEGRALIZA\u00c7\u00c3O TURNO VAGAS FORMAS DE INGRESSO Licenciatura presencial: Campus Diamantina\/MG 3215h M\u00ednimo: 4 anosM\u00e1ximo: 6 anos Noturno 30 por semestre SISU\/ENEMSASI<\/p>\n","protected":false},"author":1,"featured_media":0,"parent":0,"menu_order":0,"comment_status":"closed","ping_status":"closed","template":"","meta":{"_editorskit_title_hidden":false,"_editorskit_reading_time":0,"_editorskit_is_block_options_detached":false,"_editorskit_block_options_position":"{}","_exactmetrics_skip_tracking":false,"_exactmetrics_sitenote_active":false,"_exactmetrics_sitenote_note":"","_exactmetrics_sitenote_category":0,"footnotes":""},"_links":{"self":[{"href":"https:\/\/quimica.ufvjm.edu.br\/index.php?rest_route=\/wp\/v2\/pages\/6264"}],"collection":[{"href":"https:\/\/quimica.ufvjm.edu.br\/index.php?rest_route=\/wp\/v2\/pages"}],"about":[{"href":"https:\/\/quimica.ufvjm.edu.br\/index.php?rest_route=\/wp\/v2\/types\/page"}],"author":[{"embeddable":true,"href":"https:\/\/quimica.ufvjm.edu.br\/index.php?rest_route=\/wp\/v2\/users\/1"}],"replies":[{"embeddable":true,"href":"https:\/\/quimica.ufvjm.edu.br\/index.php?rest_route=%2Fwp%2Fv2%2Fcomments&post=6264"}],"version-history":[{"count":11,"href":"https:\/\/quimica.ufvjm.edu.br\/index.php?rest_route=\/wp\/v2\/pages\/6264\/revisions"}],"predecessor-version":[{"id":6414,"href":"https:\/\/quimica.ufvjm.edu.br\/index.php?rest_route=\/wp\/v2\/pages\/6264\/revisions\/6414"}],"wp:attachment":[{"href":"https:\/\/quimica.ufvjm.edu.br\/index.php?rest_route=%2Fwp%2Fv2%2Fmedia&parent=6264"}],"curies":[{"name":"wp","href":"https:\/\/api.w.org\/{rel}","templated":true}]}}