{"id":330,"date":"2019-07-31T18:04:05","date_gmt":"2019-07-31T20:04:05","guid":{"rendered":"http:\/\/www4.ict.ufvjm.edu.br\/?page_id=330"},"modified":"2024-05-15T15:06:50","modified_gmt":"2024-05-15T18:06:50","slug":"trabalhos-de-conclusao-de-curso","status":"publish","type":"page","link":"https:\/\/quimica.ufvjm.edu.br\/?page_id=330","title":{"rendered":"Trabalhos defendidos"},"content":{"rendered":"\t\t<div data-elementor-type=\"wp-page\" data-elementor-id=\"330\" class=\"elementor elementor-330\">\n\t\t\t\t\t\t\t<div class=\"elementor-element elementor-element-743eb1f4 e-flex e-con-boxed wpr-particle-no wpr-jarallax-no wpr-parallax-no wpr-sticky-section-no e-con e-parent\" data-id=\"743eb1f4\" data-element_type=\"container\" data-settings=\"{&quot;content_width&quot;:&quot;boxed&quot;}\" data-core-v316-plus=\"true\">\n\t\t\t\t\t<div class=\"e-con-inner\">\n\t\t\t\t<div class=\"elementor-element elementor-element-14eeddc9 elementor-widget elementor-widget-text-editor\" data-id=\"14eeddc9\" data-element_type=\"widget\" data-widget_type=\"text-editor.default\">\n\t\t\t\t<div class=\"elementor-widget-container\">\n\t\t\t<style>\/*! elementor - v3.18.0 - 20-12-2023 *\/\n.elementor-widget-text-editor.elementor-drop-cap-view-stacked .elementor-drop-cap{background-color:#69727d;color:#fff}.elementor-widget-text-editor.elementor-drop-cap-view-framed .elementor-drop-cap{color:#69727d;border:3px solid;background-color:transparent}.elementor-widget-text-editor:not(.elementor-drop-cap-view-default) .elementor-drop-cap{margin-top:8px}.elementor-widget-text-editor:not(.elementor-drop-cap-view-default) .elementor-drop-cap-letter{width:1em;height:1em}.elementor-widget-text-editor .elementor-drop-cap{float:left;text-align:center;line-height:1;font-size:50px}.elementor-widget-text-editor .elementor-drop-cap-letter{display:inline-block}<\/style>\t\t\t\t<p><!-- wp:paragraph --><\/p>\n<p>Lista de trabalhos defendidos pelos discentes de Licenciatura em Qu\u00edmica nas modalidades de monografia e artigo cient\u00edfico, organizados por per\u00edodo:<\/p>\n<p><!-- \/wp:paragraph --><!-- wp:paragraph --><!-- \/wp:paragraph --><!-- wp:paragraph --><!-- \/wp:paragraph --><!-- wp:paragraph --><!-- \/wp:paragraph --><!-- wp:separator {\"backgroundColor\":\"cyan-bluish-gray\",\"className\":\"is-style-default\"} --><!-- \/wp:paragraph --><!-- wp:spacer {\"height\":\"30px\"} --><\/p>\n<div class=\"wp-block-spacer\" style=\"height: 30px;\" aria-hidden=\"true\">\u00a0<\/div>\n<p><!-- \/wp:spacer --><!-- wp:paragraph {\"className\":\"justify\"} --><\/p>\n<p class=\"justify\"><span class=\"collapseomatic \" id=\"id69f538bf13e59\"  tabindex=\"0\" title=\"&lt;strong&gt;2010 - 2011&lt;\/strong&gt;\"    ><strong>2010 &#8211; 2011<\/strong><\/span><div id=\"target-id69f538bf13e59\" class=\"collapseomatic_content \"><\/p>\n<p><!-- \/wp:paragraph --><!-- wp:paragraph --><\/p>\n<p>1.\u00a0<a class=\"ek-link\" href=\"http:\/\/site.ufvjm.edu.br\/dequi\/files\/2017\/07\/taline.pdf\" target=\"_blank\" rel=\"noreferrer noopener\" aria-label=\" (opens in a new tab)\">ESTUDO ELETROQUIMICO DA GERACAO DE OXIGENIO A PARTIR DE SOLUCOES BASICAS EMPREGANDO-SE ANODOS DIMENSIONALMENTE ESTAVEIS<\/a><\/p>\n<p><!-- \/wp:paragraph --><!-- wp:paragraph --><\/p>\n<p>Discente:\u00a0Taline de Fatima Goncalves<\/p>\n<p><!-- \/wp:paragraph --><!-- wp:paragraph --><\/p>\n<p>Orientador:\u00a0Leonardo Morais da Silva<\/p>\n<p><!-- \/wp:paragraph --><!-- wp:separator --><\/p>\n<hr class=\"wp-block-separator has-alpha-channel-opacity\" \/>\n<p><!-- \/wp:separator --><!-- wp:paragraph --><\/p>\n<p>2.\u00a0<a class=\"ek-link\" href=\"http:\/\/site.ufvjm.edu.br\/dequi\/files\/2017\/07\/neiviane.pdf\" target=\"_blank\" rel=\"noreferrer noopener\" aria-label=\" (opens in a new tab)\">EXTRA\u00c7\u00c3O DE CROMO(VI) POR SALTING-OUT COM UM SOLVENTE AQUOSO HOMOGENEO E COM 2-PROPANOL<\/a><\/p>\n<p><!-- \/wp:paragraph --><!-- wp:paragraph --><\/p>\n<p>Discente:\u00a0Neiviane de Jesus Alves<\/p>\n<p><!-- \/wp:paragraph --><!-- wp:paragraph --><\/p>\n<p>Orientadora:\u00a0Profa. Dra. Debora Vilela Franco<\/p>\n<p><!-- \/wp:paragraph --><!-- wp:separator --><\/p>\n<hr class=\"wp-block-separator has-alpha-channel-opacity\" \/>\n<p><!-- \/wp:separator --><!-- wp:paragraph --><\/p>\n<p>3.\u00a0<a class=\"ek-link\" href=\"http:\/\/site.ufvjm.edu.br\/dequi\/files\/2017\/07\/Lindomar-2010.pdf\" target=\"_blank\" rel=\"noreferrer noopener\" aria-label=\" (opens in a new tab)\">APRIMORAMENTO DA PRODU\u00c7\u00c3O ELETROQU\u00cdMICA DE OZ\u00d4NIO VISANDO A APLICA\u00c7\u00c3O DA OZONIZA\u00c7\u00c3O NO TRATAMENTO DE EFLUENTES SIMULADOS CONTENDO PARACETAMOL<\/a><\/p>\n<p><!-- \/wp:paragraph --><!-- wp:paragraph --><\/p>\n<p>Discente:\u00a0Lindomar Gomes de SousaOrientador: Leonardo Morais da Silva<\/p>\n<p><!-- \/wp:paragraph --><!-- wp:separator --><\/p>\n<hr class=\"wp-block-separator has-alpha-channel-opacity\" \/>\n<p><!-- \/wp:separator --><!-- wp:paragraph --><\/p>\n<p>4.\u00a0<a class=\"ek-link\" href=\"http:\/\/site.ufvjm.edu.br\/dequi\/files\/2017\/07\/Jussara.pdf\" target=\"_blank\" rel=\"noreferrer noopener\" aria-label=\" (opens in a new tab)\">ESTUDO DAS PROPRIEDADES DE FILMES FINOS ELETROAT\u00cdVOS A BASE DE POLINILINA E NANOTUBOS DE CARBONO COMO PLATAFORMA PARA O DESENVOLVIMENTO DE BIOSSENSORES<\/a><\/p>\n<p><!-- \/wp:paragraph --><!-- wp:paragraph --><\/p>\n<p>Discente: Jussara Vieira da Silva<\/p>\n<p><!-- \/wp:paragraph --><!-- wp:paragraph --><\/p>\n<p>Orientador: Prof. Fl\u00e1vio Santos Damos<\/p>\n<p><!-- \/wp:paragraph --><!-- wp:separator --><\/p>\n<hr class=\"wp-block-separator has-alpha-channel-opacity\" \/>\n<p><!-- \/wp:separator --><!-- wp:paragraph --><\/p>\n<p>5.\u00a0<a class=\"ek-link\" href=\"http:\/\/site.ufvjm.edu.br\/dequi\/files\/2017\/07\/ismael.pdf\" target=\"_blank\" rel=\"noreferrer noopener\" aria-label=\" (opens in a new tab)\">DESENVOLVIMENTO E CARACTERIZA\u00c7\u00c3O DE UM REATOR ELETROQU\u00cdMICO DO TIPO FILTRO-PRENSA<\/a><\/p>\n<p><!-- \/wp:paragraph --><!-- wp:paragraph --><\/p>\n<p>Discente:\u00a0Ismael Carneiro Gon\u00e7alves<\/p>\n<p><!-- \/wp:paragraph --><!-- wp:paragraph --><\/p>\n<p>Orientador:\u00a0Leonardo Morais da Silva<\/p>\n<p><!-- \/wp:paragraph --><!-- wp:separator --><\/p>\n<hr class=\"wp-block-separator has-alpha-channel-opacity\" \/>\n<p><!-- \/wp:separator --><!-- wp:paragraph --><\/p>\n<p>6.\u00a0<a class=\"ek-link\" href=\"http:\/\/site.ufvjm.edu.br\/dequi\/files\/2017\/07\/eveline.pdf\" target=\"_blank\" rel=\"noreferrer noopener\" aria-label=\" (opens in a new tab)\">DEGRADA\u00c7\u00c3O ELETROQU\u00cdMICA DA VINHA\u00c7A USANDO ELETRODO DE DIAMANTE DOPADO COM BORO<\/a><\/p>\n<p><!-- \/wp:paragraph --><!-- wp:paragraph --><\/p>\n<p>Discente:\u00a0Eveline C. Batista<\/p>\n<p><!-- \/wp:paragraph --><!-- wp:paragraph --><\/p>\n<p>Orientador: Robson T. Soares de Oliveira<\/p>\n<p><!-- \/wp:paragraph --><!-- wp:separator --><\/p>\n<hr class=\"wp-block-separator has-alpha-channel-opacity\" \/>\n<p><!-- \/wp:separator --><!-- wp:paragraph --><\/p>\n<p>7.\u00a0<a class=\"ek-link\" href=\"http:\/\/site.ufvjm.edu.br\/dequi\/files\/2017\/07\/Denise.pdf\" target=\"_blank\" rel=\"noreferrer noopener\" aria-label=\" (opens in a new tab)\">O RECURSO \u00c1UDIO-VISUAL COMO POSSIBILIDADE NO PROCESSO\u00a0DE ENSINO-APRENDIZAGEM DE QU\u00cdMICA<\/a><\/p>\n<p><!-- \/wp:paragraph --><!-- wp:paragraph --><\/p>\n<p>Discente:\u00a0Denise Ribeiro Neves<\/p>\n<p><!-- \/wp:paragraph --><!-- wp:paragraph --><\/p>\n<p>Orientador:\u00a0Eduardo Henrique M. de Lima<\/p>\n<p><!-- \/wp:paragraph --><!-- wp:separator --><\/p>\n<hr class=\"wp-block-separator has-alpha-channel-opacity\" \/>\n<p><!-- \/wp:separator --><!-- wp:paragraph --><\/p>\n<p>8.\u00a0<a class=\"ek-link\" href=\"http:\/\/site.ufvjm.edu.br\/dequi\/files\/2017\/07\/daiana.pdf\" target=\"_blank\" rel=\"noreferrer noopener\" aria-label=\" (opens in a new tab)\">AN\u00c1LISE DO DESEMPENHO DOS ALUNOS DE UMA ESCOLA DE\u00a0DIAMANTINA FRENTE AO ENEM NOS CONTE\u00daDOS DE QU\u00cdMICA<\/a><\/p>\n<p><!-- \/wp:paragraph --><!-- wp:paragraph --><\/p>\n<p>Discente:\u00a0Daiana Medeiros Lopes<\/p>\n<p><!-- \/wp:paragraph --><!-- wp:paragraph --><\/p>\n<p>Orientador:\u00a0Roqueline Rodrigues Silva<\/p>\n<p><!-- \/wp:paragraph --><!-- wp:separator --><\/p>\n<hr class=\"wp-block-separator has-alpha-channel-opacity\" \/>\n<p><!-- \/wp:separator --><!-- wp:paragraph --><\/p>\n<p>9.\u00a0<a class=\"ek-link\" href=\"http:\/\/site.ufvjm.edu.br\/dequi\/files\/2017\/07\/agnaldo.pdf\" target=\"_blank\" rel=\"noreferrer noopener\" aria-label=\" (opens in a new tab)\">ABORDAGEM TRADICIONAL E INVESTIGATIVA NO CONTE\u00daDO DE\u00a0CIN\u00c9TICA PARA O ENSINO M\u00c9DIO<\/a><\/p>\n<p><!-- \/wp:paragraph --><!-- wp:paragraph --><\/p>\n<p>Discente:\u00a0Agnaldo Lopes<\/p>\n<p><!-- \/wp:paragraph --><!-- wp:paragraph --><\/p>\n<p>Orientador: Profa.\u00a0D\u00e9bora Vilela Franco<\/p>\n<p><!-- \/wp:paragraph --><!-- wp:separator --><\/p>\n<hr class=\"wp-block-separator has-alpha-channel-opacity\" \/>\n<p><!-- \/wp:separator --><!-- wp:paragraph --><\/p>\n<p>1.\u00a0<a class=\"ek-link\" href=\"http:\/\/site.ufvjm.edu.br\/dequi\/files\/2017\/07\/maria-de-fatima.pdf\" target=\"_blank\" rel=\"noreferrer noopener\" aria-label=\" (opens in a new tab)\">DETERMINA\u00c7\u00c3O DE CHUMBO EM GASOLINA POR\u00a0ESPECTROMETRIA DE ABSOR\u00c7\u00c3O AT\u00d4MICA COM FORNO DE GRAFITE<\/a><\/p>\n<p><!-- \/wp:paragraph --><!-- wp:paragraph --><\/p>\n<p>Discente:\u00a0Maria de F\u00e1tima Alves<\/p>\n<p><!-- \/wp:paragraph --><!-- wp:paragraph --><\/p>\n<p>Orientadora: Profa. Rita de C\u00e1ssia Silva Luz<\/p>\n<p><!-- \/wp:paragraph --><!-- wp:separator --><\/p>\n<hr class=\"wp-block-separator has-alpha-channel-opacity\" \/>\n<p><!-- \/wp:separator --><!-- wp:paragraph --><\/p>\n<p>2.\u00a0<a class=\"ek-link\" href=\"http:\/\/site.ufvjm.edu.br\/dequi\/files\/2017\/07\/marcela.pdf\">PREPARA\u00c7\u00c3O E CARACTERIZA\u00c7\u00c3O DE COMP\u00d3SITOS DE POL\u00cdMEROS\u00a0CO<\/a><a class=\"ek-link\" href=\"http:\/\/site.ufvjm.edu.br\/dequi\/files\/2017\/07\/marcela.pdf\" target=\"_blank\" rel=\"noreferrer noopener\" aria-label=\"N (opens in a new tab)\">N<\/a><a class=\"ek-link\" href=\"http:\/\/site.ufvjm.edu.br\/dequi\/files\/2017\/07\/marcela.pdf\">DUTORES-SILICA VISANDO APLICA\u00c7\u00d5ES EM SEPARA\u00c7\u00d5ES QU\u00cdMICAS<\/a><\/p>\n<p><!-- \/wp:paragraph --><!-- wp:paragraph --><\/p>\n<p>Discente:\u00a0Marcela Portes de Castro<\/p>\n<p><!-- \/wp:paragraph --><!-- wp:paragraph --><\/p>\n<p>Orientador: Paulo Henrique Fid\u00eancio<\/p>\n<p><!-- \/wp:paragraph --><!-- wp:separator --><\/p>\n<hr class=\"wp-block-separator has-alpha-channel-opacity\" \/>\n<p><!-- \/wp:separator --><!-- wp:paragraph --><\/p>\n<p>3.<strong>\u00a0<\/strong><a class=\"ek-link\" href=\"http:\/\/site.ufvjm.edu.br\/dequi\/files\/2017\/07\/Lais.pdf\" target=\"_blank\" rel=\"noreferrer noopener\" aria-label=\" (opens in a new tab)\">CONCEP\u00c7\u00d5ES ALTERNATIVAS DOS ALUNOS DO ENSINO M\u00c9DIO P\u00daBLICO DE DIAMANTINA RELACIONADA A \u00c1TOMO, NATUREZA DO AR E ESTADOS F\u00cdSICOS<\/a><\/p>\n<p><!-- \/wp:paragraph --><!-- wp:paragraph --><\/p>\n<p>Discente:\u00a0La\u00eds Daniele Rodrigues Barboza<\/p>\n<p><!-- \/wp:paragraph --><!-- wp:paragraph --><\/p>\n<p>Orientador: Cristina FontesDiniz<\/p>\n<p><!-- \/wp:paragraph --><!-- wp:separator --><\/p>\n<hr class=\"wp-block-separator has-alpha-channel-opacity\" \/>\n<p><!-- \/wp:separator --><!-- wp:paragraph --><\/p>\n<p>4.\u00a0<a class=\"ek-link\" href=\"http:\/\/site.ufvjm.edu.br\/dequi\/files\/2017\/07\/jussara.pdf\" target=\"_blank\" rel=\"noreferrer noopener\" aria-label=\" (opens in a new tab)\">A CONCEP\u00c7\u00c3O DOS PROFESSORES DE QU\u00cdMICA DO ENSINO M\u00c9DIO DE\u00a0DIAMANTINA SOBRE AS TECNOLOGIAS DA INFORMA\u00c7\u00c3O E COMUNICA\u00c7\u00c3O (TICS) NA EDUCA\u00c7\u00c3O<\/a><\/p>\n<p><!-- \/wp:paragraph --><!-- wp:paragraph --><\/p>\n<p>Discente: Jussara de Oliveira Vasconcelos<\/p>\n<p><!-- \/wp:paragraph --><!-- wp:paragraph --><\/p>\n<p>Orientador: Prof. Eduardo Henrique de Matos Lima<\/p>\n<p><!-- \/wp:paragraph --><!-- wp:separator --><\/p>\n<hr class=\"wp-block-separator has-alpha-channel-opacity\" \/>\n<p><!-- \/wp:separator --><!-- wp:paragraph --><\/p>\n<p>5.\u00a0<a class=\"ek-link\" href=\"http:\/\/site.ufvjm.edu.br\/dequi\/files\/2017\/07\/isabela.pdf\" target=\"_blank\" rel=\"noreferrer noopener\" aria-label=\" (opens in a new tab)\">DESENVOLVIMENTO DE METODOLOGIA ELETROANAL\u00cdTICA PARA DETERMINA\u00c7\u00c3O DE NICOTINA EM TABLETES MASTIG\u00c1VEIS PARA FUMANTES USANDO ELETRODOS DE DIAMANTE DOPADOS COM BORO<\/a><\/p>\n<p><!-- \/wp:paragraph --><!-- wp:paragraph --><\/p>\n<p>Discente: Isabela Fernandes Rodrigues<\/p>\n<p><!-- \/wp:paragraph --><!-- wp:paragraph --><\/p>\n<p>Orientador: Prof. Paulo Henrique Fid\u00eancio<\/p>\n<p><!-- \/wp:paragraph --><!-- wp:separator --><\/p>\n<hr class=\"wp-block-separator has-alpha-channel-opacity\" \/>\n<p><!-- \/wp:separator --><!-- wp:paragraph --><\/p>\n<p>6.\u00a0<a class=\"ek-link\" href=\"http:\/\/site.ufvjm.edu.br\/dequi\/files\/2017\/07\/Isabel.pdf\" target=\"_blank\" rel=\"noreferrer noopener\" aria-label=\" (opens in a new tab)\">M\u00c9TODO ESPECTROFOTOM\u00c9TRICO PARA DETERMINA\u00c7\u00c3O\u00a0DE CISTE\u00cdNA EMPREGANDO UM COMPLEXO DE TRANSFER\u00caNCIA DE CARGA<\/a><\/p>\n<p><!-- \/wp:paragraph --><!-- wp:paragraph --><\/p>\n<p>Discente:\u00a0Isabel Louren\u00e7o Torres<\/p>\n<p><!-- \/wp:paragraph --><!-- wp:paragraph --><\/p>\n<p>Orientador: Profa. Rita de C\u00e1ssia Silva Luz<\/p>\n<p><!-- \/wp:paragraph --><!-- wp:separator --><\/p>\n<hr class=\"wp-block-separator has-alpha-channel-opacity\" \/>\n<p><!-- \/wp:separator --><!-- wp:paragraph --><\/p>\n<p>7.\u00a0<a class=\"ek-link\" href=\"http:\/\/site.ufvjm.edu.br\/dequi\/files\/2017\/07\/dilton.pdf\" target=\"_blank\" rel=\"noreferrer noopener\" aria-label=\" (opens in a new tab)\">DESENVOLVIMENTO DE UM SENSOR POTENCIOM\u00c9TRICO \u00c0 BASE DE NANOTUBOS DE CARBONO MODIFICADOS COM H2TSPP PARA A DETERMINA\u00c7\u00c3O DE COBRE<\/a><\/p>\n<p><!-- \/wp:paragraph --><!-- wp:paragraph --><\/p>\n<p>Discente: Dilton Martins Pimentel<\/p>\n<p><!-- \/wp:paragraph --><!-- wp:paragraph --><\/p>\n<p>Orientador:\u00a0Profa. Rita de C\u00e1ssia Silva Luz<\/p>\n<p><!-- \/wp:paragraph --><!-- wp:separator --><\/p>\n<hr class=\"wp-block-separator has-alpha-channel-opacity\" \/>\n<p><!-- \/wp:separator --><!-- wp:paragraph --><\/p>\n<p>8.\u00a0<a class=\"ek-link\" href=\"http:\/\/site.ufvjm.edu.br\/dequi\/files\/2017\/07\/Delton.pdf\" target=\"_blank\" rel=\"noreferrer noopener\" aria-label=\" (opens in a new tab)\">ESTUDOS CIN\u00c9TICOS DA TRANSFER\u00caNCIA ELETR\u00d4NICA DIRETA E MEDIADA PELA ENZIMA HRP SOBRE MATERIAIS NANOESTRUTURADOS<\/a><\/p>\n<p><!-- \/wp:paragraph --><!-- wp:paragraph --><\/p>\n<p>Discente:\u00a0Delton Martins Pimentel<\/p>\n<p><!-- \/wp:paragraph --><!-- wp:paragraph --><\/p>\n<p>Orientador: Prof. Fl\u00e1vio Santos Damos<\/p>\n<p><!-- \/wp:paragraph --><!-- wp:separator --><\/p>\n<hr class=\"wp-block-separator has-alpha-channel-opacity\" \/>\n<p><!-- \/wp:separator --><!-- wp:paragraph --><\/p>\n<p>9.\u00a0<a class=\"ek-link\" href=\"http:\/\/site.ufvjm.edu.br\/dequi\/files\/2017\/07\/Catia.pdf\" target=\"_blank\" rel=\"noreferrer noopener\" aria-label=\" (opens in a new tab)\">DETERMINA\u00c7\u00c3O DE COBRE EM AGUARDENTES POR\u00a0ESPECTROMETRIA DE ABSOR\u00c7\u00c3O AT\u00d4MICA COM FORNO DE GRAFITE<\/a><\/p>\n<p><!-- \/wp:paragraph --><!-- wp:paragraph --><\/p>\n<p>Discente:\u00a0C\u00e1tia da Cruz Santos<\/p>\n<p><!-- \/wp:paragraph --><!-- wp:paragraph --><\/p>\n<p>Orientador: Profa.\u00a0Rita de C\u00e1ssia Silva Luz<\/p>\n<p><!-- \/wp:paragraph --><!-- wp:separator --><\/p>\n<hr class=\"wp-block-separator has-alpha-channel-opacity\" \/>\n<p><!-- \/wp:separator --><!-- wp:paragraph --><\/p>\n<p>10.\u00a0<a class=\"ek-link\" href=\"http:\/\/site.ufvjm.edu.br\/dequi\/files\/2017\/07\/carmindo.pdf\" target=\"_blank\" rel=\"noreferrer noopener\" aria-label=\" (opens in a new tab)\">ESTUDO QU\u00cdMICO E FARMACOL\u00d3GICO DE GALHOS DE\u00a0<em>BYRSONIMA COCCOLOBIFOLIA\u00a0<\/em>(MALPIGHIACEAE)<\/a><\/p>\n<p><!-- \/wp:paragraph --><!-- wp:paragraph --><\/p>\n<p>Discente:\u00a0Carmindo Ribeiro Borel<\/p>\n<p><!-- \/wp:paragraph --><!-- wp:paragraph --><\/p>\n<p>Orientador: Roqueline Rodrigues Silva<\/p>\n<p><!-- \/wp:paragraph --><!-- wp:separator --><\/p>\n<hr class=\"wp-block-separator has-alpha-channel-opacity\" \/>\n<p><!-- \/wp:separator --><!-- wp:paragraph --><\/p>\n<p>11.\u00a0<a class=\"ek-link\" href=\"http:\/\/site.ufvjm.edu.br\/dequi\/files\/2017\/07\/alyson.pdf\" target=\"_blank\" rel=\"noreferrer noopener\" aria-label=\" (opens in a new tab)\">OBJETOS COMPUTACIONAIS NAS A\u00c7\u00d5ES EDUCACIONAIS ESCOLARES<\/a><\/p>\n<p><!-- \/wp:paragraph --><!-- wp:paragraph --><\/p>\n<p>Discente: Alyson Torres de Barros<\/p>\n<p><!-- \/wp:paragraph --><!-- wp:paragraph --><\/p>\n<p>Orientador: Prof.\u00a0EduardoHenrique M. Lima<\/p>\n<p><!-- \/wp:paragraph --><!-- wp:separator --><\/p>\n<hr class=\"wp-block-separator has-alpha-channel-opacity\" \/>\n<p><!-- \/wp:separator --><!-- wp:paragraph --><\/p>\n<p>12.\u00a0<a class=\"ek-link\" href=\"http:\/\/site.ufvjm.edu.br\/dequi\/files\/2017\/07\/Alex.pdf\" target=\"_blank\" rel=\"noreferrer noopener\" aria-label=\" (opens in a new tab)\">APLICA\u00c7\u00c3O DO OZ\u00d4NIO VISANDO A CONSERVA\u00c7\u00c3O DE MORANGOS\u00a0PRODUZIDOS NA REGI\u00c3O DO ALTO JEQUITINHONHA<\/a><\/p>\n<p><!-- \/wp:paragraph --><!-- wp:paragraph --><\/p>\n<p>Discente:\u00a0Alex Ramos de Aguiar<\/p>\n<p><!-- \/wp:paragraph --><!-- wp:paragraph --><\/p>\n<p>Orientadora:\u00a0Profa.\u00a0D\u00e9bora Vilela Franco<\/p>\n<p><!-- \/wp:paragraph --><!-- wp:paragraph --><\/p>\n<p><\/div><\/p>\n<p><!-- \/wp:paragraph --><!-- wp:paragraph --><!-- \/wp:paragraph --><!-- wp:paragraph --><\/p>\n<p><span class=\"collapseomatic \" id=\"id69f538bf13fc6\"  tabindex=\"0\" title=\"&lt;strong&gt;2012 - 2014&lt;\/strong&gt;\"    ><strong>2012 &#8211; 2014<\/strong><\/span><div id=\"target-id69f538bf13fc6\" class=\"collapseomatic_content \"><\/p>\n<p><!-- \/wp:paragraph --><!-- wp:paragraph --><\/p>\n<p><!-- \/wp:paragraph --><!-- wp:paragraph --><\/p>\n<p>1.\u00a0<a class=\"ek-link\" href=\"http:\/\/site.ufvjm.edu.br\/dequi\/files\/2017\/07\/paula.pdf\" target=\"_blank\" rel=\"noreferrer noopener\" aria-label=\" (opens in a new tab)\">POLIFEN\u00d3IS E ATIVIDADE ANTIOXIDANTE NO \u00d3LEO E ARILO DA COPA\u00cdBA (<em>Copaifera langsdorffii\u00a0<\/em>Desf.)<\/a><\/p>\n<p><!-- \/wp:paragraph --><!-- wp:paragraph --><\/p>\n<p>Discente:\u00a0Paula Villela Dessimoni Pinto<\/p>\n<p><!-- \/wp:paragraph --><!-- wp:paragraph --><\/p>\n<p>Orientadora: Profa. Elizabethe Adriana Esteves<\/p>\n<p><!-- \/wp:paragraph --><!-- wp:separator --><\/p>\n<hr class=\"wp-block-separator has-alpha-channel-opacity\" \/>\n<p><!-- \/wp:separator --><!-- wp:paragraph --><\/p>\n<p>2.\u00a0<a class=\"ek-link\" href=\"http:\/\/site.ufvjm.edu.br\/dequi\/files\/2017\/07\/Itala.pdf\" target=\"_blank\" rel=\"noreferrer noopener\" aria-label=\" (opens in a new tab)\">NANOCI\u00caNCIAS E NANOTECNOLOGIA NO ENSINO DE QU\u00cdMICA\u00a0EM UMA ESCOLA P\u00daBLICA DE DIAMANTINA<\/a><\/p>\n<p><!-- \/wp:paragraph --><!-- wp:paragraph --><\/p>\n<p>Discente:\u00a0\u00cdtala Kariny Barroso Lopes<\/p>\n<p><!-- \/wp:paragraph --><!-- wp:paragraph --><\/p>\n<p>Orientador: Profa. Cristina Fontes Diniz<\/p>\n<p><!-- \/wp:paragraph --><!-- wp:separator --><\/p>\n<hr class=\"wp-block-separator has-alpha-channel-opacity\" \/>\n<p><!-- \/wp:separator --><!-- wp:paragraph --><\/p>\n<p>3.\u00a0<a class=\"ek-link\" href=\"http:\/\/site.ufvjm.edu.br\/dequi\/files\/2017\/07\/Gabriela.pdf\" target=\"_blank\" rel=\"noreferrer noopener\" aria-label=\" (opens in a new tab)\">REDU\u00c7\u00c3O DO CROMO HEXAVALENTE EMPREGANDO FERRO ZERO- VALENTE COLOIDAL EM SOLU\u00c7\u00c3O AQUOSA<\/a><\/p>\n<p><!-- \/wp:paragraph --><!-- wp:paragraph --><\/p>\n<p>Discente:\u00a0Gabriela Lemos de Oliveira Ribeiro\u00a0e\u00a0Ludymila Vasconcelos de Freitas<\/p>\n<p><!-- \/wp:paragraph --><!-- wp:paragraph --><\/p>\n<p>Orientadora: D\u00e9bora Vilela Franco<\/p>\n<p><!-- \/wp:paragraph --><!-- wp:separator --><\/p>\n<hr class=\"wp-block-separator has-alpha-channel-opacity\" \/>\n<p><!-- \/wp:separator --><!-- wp:paragraph --><\/p>\n<p>4.\u00a0<a class=\"ek-link\" href=\"http:\/\/site.ufvjm.edu.br\/dequi\/files\/2017\/07\/artur.pdf\" target=\"_blank\" rel=\"noreferrer noopener\" aria-label=\" (opens in a new tab)\">UTILIZA\u00c7\u00c3O DA MICROSCOPIA ELETR\u00d4NCA DE VARREDURA COMO\u00a0AN\u00c1LISE DE MICROF\u00d3SSEIS EM ROCHA SILIC\u00c1TICA<\/a><\/p>\n<p><!-- \/wp:paragraph --><!-- wp:paragraph --><\/p>\n<p>Discente:\u00a0Artur Vicari Granato<\/p>\n<p><!-- \/wp:paragraph --><!-- wp:paragraph --><\/p>\n<p>Orientadora: Profa.\u00a0Soraya de Carvalho Neves<\/p>\n<p><!-- \/wp:paragraph --><!-- wp:separator --><\/p>\n<hr class=\"wp-block-separator has-alpha-channel-opacity\" \/>\n<p><!-- \/wp:separator --><!-- wp:paragraph --><\/p>\n<p>1.\u00a0<a class=\"ek-link\" href=\"http:\/\/site.ufvjm.edu.br\/dequi\/files\/2017\/07\/Danielle.pdf\" target=\"_blank\" rel=\"noreferrer noopener\" aria-label=\" (opens in a new tab)\">STUDY OF THE EFFECTS OF SURFACE pKa AND ELECTRON TRANSFER KINETICS OF ELECTROACTIVE 4-NITROTHIOPHENOL\/4-MERCAPTOBENZOIC ACID BINARY SAM ON THE SIMULTANEOUS DETERMINATION OF EPINEPHRINE AND URIC ACID<\/a><\/p>\n<p><!-- \/wp:paragraph --><!-- wp:paragraph --><\/p>\n<p>Discentes:\u00a0Danielle Diniz Justino e Ana Lu\u00edsa Almeida Lage<\/p>\n<p><!-- \/wp:paragraph --><!-- wp:paragraph --><\/p>\n<p>Orientador: Flavio Santos Damos<\/p>\n<p><!-- \/wp:paragraph --><!-- wp:separator --><\/p>\n<hr class=\"wp-block-separator has-alpha-channel-opacity\" \/>\n<p><!-- \/wp:separator --><!-- wp:paragraph --><\/p>\n<p>2.\u00a0<a class=\"ek-link\" href=\"http:\/\/site.ufvjm.edu.br\/dequi\/files\/2017\/07\/weldis.pdf\" target=\"_blank\" rel=\"noreferrer noopener\" aria-label=\" (opens in a new tab)\">A UTILIZA\u00c7\u00c3O DO PERFIL CONCEITUAL DE CALOR PELOS\u00a0LICENCIANDOS EM QUIM\u00cdCA DA UFVJM<\/a><\/p>\n<p><!-- \/wp:paragraph --><!-- wp:paragraph --><\/p>\n<p>Discente: Weldis Ant\u00f4nio de Souza<\/p>\n<p><!-- \/wp:paragraph --><!-- wp:paragraph --><\/p>\n<p>Orientadora: Profa. Ang\u00e9lica Oliveira de Ara\u00fajo<\/p>\n<p><!-- \/wp:paragraph --><!-- wp:separator --><\/p>\n<hr class=\"wp-block-separator has-alpha-channel-opacity\" \/>\n<p><!-- \/wp:separator --><!-- wp:paragraph --><\/p>\n<p>3.\u00a0<a class=\"ek-link\" href=\"http:\/\/site.ufvjm.edu.br\/dequi\/files\/2017\/07\/Tarciane.pdf\" target=\"_blank\" rel=\"noreferrer noopener\" aria-label=\" (opens in a new tab)\">OBTEN\u00c7\u00c3O DE BIOQUEROSENE A PARTIR DE \u00d3LEO DE COCO COM AN\u00c1LISE DE RESSON\u00c2NCIA MAGN\u00c9TICA NUCLEAR E ESPECTROSCOPIA INFRAVERMELHO<\/a><\/p>\n<p><!-- \/wp:paragraph --><!-- wp:paragraph --><\/p>\n<p>Discente:\u00a0Tarciane da Silva Pinto<\/p>\n<p><!-- \/wp:paragraph --><!-- wp:paragraph --><\/p>\n<p>Orientador: Paulo Henrique Fid\u00eancio<\/p>\n<p><!-- \/wp:paragraph --><!-- wp:separator --><\/p>\n<hr class=\"wp-block-separator has-alpha-channel-opacity\" \/>\n<p><!-- \/wp:separator --><!-- wp:paragraph --><\/p>\n<p>4.\u00a0<a class=\"ek-link\" href=\"http:\/\/site.ufvjm.edu.br\/dequi\/files\/2017\/07\/Melina.pdf\" target=\"_blank\" rel=\"noreferrer noopener\" aria-label=\" (opens in a new tab)\">SEPARA\u00c7\u00c3O DOS ACESSOS PELA QUALIDADE DE FRUTOS DE\u00a0<em>Myrciaria\u00a0caul\u00edflora\u00a0<\/em>(JABUTICABA) EM FUN\u00c7\u00c3O DA COMPOSI\u00c7\u00c3O FISICO-QU\u00cdMICA E\u00a0QU\u00cdMICA DA CASCA E POLPA<\/a><\/p>\n<p><!-- \/wp:paragraph --><!-- wp:paragraph --><\/p>\n<p>Discente:\u00a0Melina Raimundi Andrade<\/p>\n<p><!-- \/wp:paragraph --><!-- wp:paragraph --><\/p>\n<p>Orientador:\u00a0N\u00edsia Andrade Villela Dessimoni Pinto<\/p>\n<p><!-- \/wp:paragraph --><!-- wp:separator --><\/p>\n<hr class=\"wp-block-separator has-alpha-channel-opacity\" \/>\n<p><!-- \/wp:separator --><!-- wp:paragraph --><\/p>\n<p>5.\u00a0<a class=\"ek-link\" href=\"http:\/\/site.ufvjm.edu.br\/dequi\/files\/2017\/07\/everton.pdf\" target=\"_blank\" rel=\"noreferrer noopener\" aria-label=\" (opens in a new tab)\">RES\u00cdDUOS GERADOS NAS AULAS PR\u00c1TICAS EXPERIMENTAIS DE QU\u00cdMICA ANAL\u00cdTICA QUALITATIVA: TRATAMENTO DE C\u00c1TIONS<\/a><\/p>\n<p><!-- \/wp:paragraph --><!-- wp:paragraph --><\/p>\n<p>Discente:\u00a0Everton Wilker de Abreu Almeida<\/p>\n<p><!-- \/wp:paragraph --><!-- wp:paragraph --><\/p>\n<p>Orientador: Lucas Franco Ferreira<\/p>\n<p><!-- \/wp:paragraph --><!-- wp:separator --><\/p>\n<hr class=\"wp-block-separator has-alpha-channel-opacity\" \/>\n<p><!-- \/wp:separator --><!-- wp:paragraph --><\/p>\n<p>6.\u00a0<a class=\"ek-link\" href=\"http:\/\/site.ufvjm.edu.br\/dequi\/files\/2017\/07\/dayana.pdf\" target=\"_blank\" rel=\"noreferrer noopener\" aria-label=\" (opens in a new tab)\">PROSPEC\u00c7\u00c3O FITOQU\u00cdMICA DE PLANTAS DO CERRADO DO ALTO VALE DO JEQUITINHONHA- MG<\/a><\/p>\n<p><!-- \/wp:paragraph --><!-- wp:paragraph --><\/p>\n<p>Discente:\u00a0Dayana Alves Rodrigues<\/p>\n<p><!-- \/wp:paragraph --><!-- wp:paragraph --><\/p>\n<p>Orientador: Profa. Patr\u00edcia M. de Oliveira<\/p>\n<p><!-- \/wp:paragraph --><!-- wp:separator --><\/p>\n<hr class=\"wp-block-separator has-alpha-channel-opacity\" \/>\n<p><!-- \/wp:separator --><!-- wp:paragraph --><\/p>\n<p>7.\u00a0<a class=\"ek-link\" href=\"http:\/\/site.ufvjm.edu.br\/dequi\/files\/2017\/07\/Andressa.pdf\" target=\"_blank\" rel=\"noreferrer noopener\" aria-label=\" (opens in a new tab)\">ESTUDOS DE REDU\u00c7\u00c3O DO CROMO HEXAVALENTE PRESENTE EM SOLO CONTAMINADO ARTIFICIALMENTE UTILIZANDO-SE REDUTORES ORG\u00c2NICOS<\/a><\/p>\n<p><!-- \/wp:paragraph --><!-- wp:paragraph --><\/p>\n<p>Discentes:\u00a0Andressa Aparecida Gon\u00e7alves\u00a0e\u00a0Annelise Fran\u00e7a Ara\u00fajo<\/p>\n<p><!-- \/wp:paragraph --><!-- wp:paragraph --><\/p>\n<p>Orientadora: D\u00e9bora Vilela Franco<\/p>\n<p><!-- \/wp:paragraph --><!-- wp:separator --><\/p>\n<hr class=\"wp-block-separator has-alpha-channel-opacity\" \/>\n<p><!-- \/wp:separator --><!-- wp:paragraph --><\/p>\n<p>1.\u00a0<a class=\"ek-link\" href=\"http:\/\/site.ufvjm.edu.br\/dequi\/files\/2017\/08\/DALILA.pdf\" target=\"_blank\" rel=\"noreferrer noopener\" aria-label=\" (opens in a new tab)\">O PL\u00c1STICO COMO UM TEMA GERADOR NO ENSINO DE QU\u00cdMICA<\/a><\/p>\n<p><!-- \/wp:paragraph --><!-- wp:paragraph --><\/p>\n<p>Discente: Dalila Aparecida Faria<\/p>\n<p><!-- \/wp:paragraph --><!-- wp:paragraph --><\/p>\n<p>Orientadora:\u00a0Ang\u00e9lica Oliveira de Ara\u00fajo<\/p>\n<p><!-- \/wp:paragraph --><!-- wp:paragraph --><\/p>\n<p>Co-Orientadora: Cristina Fontes Diniz<\/p>\n<p><!-- \/wp:paragraph --><!-- wp:paragraph --><\/p>\n<p><\/div><\/p>\n<p><!-- \/wp:paragraph --><!-- wp:paragraph --><!-- \/wp:paragraph --><!-- wp:paragraph --><\/p>\n<p><span class=\"collapseomatic \" id=\"id69f538bf1409e\"  tabindex=\"0\" title=\"&lt;strong&gt;2015 - 2017&lt;\/strong&gt;\"    ><strong>2015 &#8211; 2017<\/strong><\/span><div id=\"target-id69f538bf1409e\" class=\"collapseomatic_content \"><\/p>\n<p><!-- \/wp:paragraph --><!-- wp:paragraph --><\/p>\n<p>1.\u00a0<a class=\"ek-link\" href=\"http:\/\/site.ufvjm.edu.br\/dequi\/files\/2017\/07\/Thays.pdf\" target=\"_blank\" rel=\"noreferrer noopener\" aria-label=\" (opens in a new tab)\">AVALIA\u00c7\u00c3O F\u00cdSICA, QU\u00cdMICA E F\u00cdSICO-QU\u00cdMICA DOS CAF\u00c9S DAS MICRORREGI\u00d5ES DA CHAPADA DE MINAS<\/a><\/p>\n<p><!-- \/wp:paragraph --><!-- wp:paragraph --><\/p>\n<p>Discente: Thays Alves da Cruz<\/p>\n<p><!-- \/wp:paragraph --><!-- wp:paragraph --><\/p>\n<p>Orientadora: Profa. N\u00edsia A. V. D. Pinto<\/p>\n<p><!-- \/wp:paragraph --><!-- wp:separator --><\/p>\n<hr class=\"wp-block-separator has-alpha-channel-opacity\" \/>\n<p><!-- \/wp:separator --><!-- wp:paragraph --><\/p>\n<p>2.\u00a0<a class=\"ek-link\" href=\"http:\/\/site.ufvjm.edu.br\/dequi\/files\/2017\/07\/Tatiana.pdf\" target=\"_blank\" rel=\"noreferrer noopener\" aria-label=\" (opens in a new tab)\">QUALIDADE NUTRICIONAL E DETERMINA\u00c7\u00c3O DE COMPOSTOS T\u00d3XICOS EM ALFACE\u00a0<em>(Lactuca sativa L.)\u00a0<\/em>TOMATE DE MESA<em>\u00a0(Lycopersicon esculentum Mill)<\/em><\/a><\/p>\n<p><!-- \/wp:paragraph --><!-- wp:paragraph --><\/p>\n<p>Discente:\u00a0Tatiana Paula Costa<\/p>\n<p><!-- \/wp:paragraph --><!-- wp:paragraph --><\/p>\n<p>Orientadora:\u00a0Profa.\u00a0Poliana Mendes de Souza<\/p>\n<p><!-- \/wp:paragraph --><!-- wp:separator --><\/p>\n<hr class=\"wp-block-separator has-alpha-channel-opacity\" \/>\n<p><!-- \/wp:separator --><!-- wp:paragraph --><\/p>\n<p>3.\u00a0<a class=\"ek-link\" href=\"http:\/\/site.ufvjm.edu.br\/dequi\/files\/2017\/07\/Paulo.pdf\" target=\"_blank\" rel=\"noreferrer noopener\" aria-label=\" (opens in a new tab)\">ESTUDO TE\u00d3RICO DA REA\u00c7\u00c3O DE AMIN\u00d3LISE DE TRI\u00c9STER DE FOSFATO<\/a><\/p>\n<p><!-- \/wp:paragraph --><!-- wp:paragraph --><\/p>\n<p>Discente:\u00a0Paulo Cesar de Souza Costa<\/p>\n<p><!-- \/wp:paragraph --><!-- wp:paragraph --><\/p>\n<p>Orientadora: Profa. Dalva Ester da Costa Ferreira<\/p>\n<p><!-- \/wp:paragraph --><!-- wp:separator --><\/p>\n<hr class=\"wp-block-separator has-alpha-channel-opacity\" \/>\n<p><!-- \/wp:separator --><!-- wp:paragraph --><\/p>\n<p>4.\u00a0<a class=\"ek-link\" href=\"http:\/\/site.ufvjm.edu.br\/dequi\/files\/2017\/07\/Nehander.pdf\" target=\"_blank\" rel=\"noreferrer noopener\" aria-label=\" (opens in a new tab)\">NOVOS DADOS DE EQUIL\u00cdBRIO L\u00cdQUIDO-L\u00cdQUIDO PARA SISTEMAS AQUOSO BIF\u00c1SICO FORMADOS POR POL\u00cdMERO E ELETR\u00d3LITO<\/a><\/p>\n<p><!-- \/wp:paragraph --><!-- wp:paragraph --><\/p>\n<p>Discente:\u00a0Nehander Carlos Mendes Felisberto<\/p>\n<p><!-- \/wp:paragraph --><!-- wp:paragraph --><\/p>\n<p>Orientador: Prof. Leandro Rodrigues de Lemos<\/p>\n<p><!-- \/wp:paragraph --><!-- wp:separator --><\/p>\n<hr class=\"wp-block-separator has-alpha-channel-opacity\" \/>\n<p><!-- \/wp:separator --><!-- wp:paragraph --><\/p>\n<p>5.\u00a0<a class=\"ek-link\" href=\"http:\/\/site.ufvjm.edu.br\/dequi\/files\/2017\/07\/Milene.pdf\" target=\"_blank\" rel=\"noreferrer noopener\" aria-label=\" (opens in a new tab)\">EXTRA\u00c7\u00c3O DE CORANTES A PARTIR DE EFLUENTES DE IND\u00daSTRIAS T\u00caXTEIS UTILIZANDO SISTEMAS AQUOSOS BIF\u00c1SICOS<\/a><\/p>\n<p><!-- \/wp:paragraph --><!-- wp:paragraph --><\/p>\n<p>Discente: Milene Marcela Macedo Barbosa<\/p>\n<p><!-- \/wp:paragraph --><!-- wp:paragraph --><\/p>\n<p>Orientador: Prof. Leandro Rodrigues de Lemos<\/p>\n<p><!-- \/wp:paragraph --><!-- wp:paragraph --><\/p>\n<p><\/div><\/p>\n<p><!-- \/wp:paragraph --><!-- wp:paragraph --><!-- \/wp:paragraph --><!-- wp:paragraph --><\/p>\n<p><span class=\"collapseomatic \" id=\"id69f538bf1416a\"  tabindex=\"0\" title=\"&lt;strong&gt;2018 - 2019&lt;\/strong&gt;\"    ><strong>2018 &#8211; 2019<\/strong><\/span><div id=\"target-id69f538bf1416a\" class=\"collapseomatic_content \"><\/p>\n<p><!-- \/wp:paragraph --><!-- wp:paragraph --><\/p>\n<p><!-- \/wp:paragraph --><!-- wp:paragraph --><\/p>\n<p>1. <a href=\"http:\/\/site.ufvjm.edu.br\/dequi\/files\/2020\/04\/ARTIGO-RENE-E-KARINA.pdf\">ELABORA\u00c7\u00c3O E APLICA\u00c7\u00c3O DE UMA SEQU\u00caNCIA DID\u00c1TICA INTITULADA \u201cBIOQU\u00cdMICA NO COTIDIANO\u201d NO CONTRATURNO DENTRO DA NOVA PROPOSTA DE ESCOLA DE TEMPO INTEGRAL<\/a><\/p>\n<p><!-- \/wp:paragraph --><!-- wp:paragraph --><\/p>\n<p>Orientador: Prof. Dra.Patr\u00edcia Machado de Oliveira<\/p>\n<p><!-- \/wp:paragraph --><!-- wp:paragraph --><\/p>\n<p>Co-orientador: Prof. Dra. Cristina Fontes Diniz<\/p>\n<p><!-- \/wp:paragraph --><!-- wp:separator --><\/p>\n<hr class=\"wp-block-separator has-alpha-channel-opacity\" \/>\n<p><!-- \/wp:separator --><!-- wp:paragraph --><\/p>\n<p>2. <a href=\"http:\/\/site.ufvjm.edu.br\/dequi\/files\/2020\/04\/TCC-Claudilene-e-Lav%C3%ADnia.pdf\">O REPOSIT\u00d3RIO DIGITAL INSTITUCIONAL \u201cPORTAL DO PROFESSOR (MEC)\u201d: estruturas, possibilidades de navega\u00e7\u00e3o e conte\u00fados para o Ensino de Qu\u00edmica<\/a><\/p>\n<p><!-- \/wp:paragraph --><!-- wp:paragraph --><\/p>\n<p>Discentes: Claudilene Pereira Silva e Lav\u00ednia de Souza Freitas<\/p>\n<p><!-- \/wp:paragraph --><!-- wp:paragraph --><\/p>\n<p>Orientadora: Prof. Dra. Aline de Souza Janerine<\/p>\n<p><!-- \/wp:paragraph --><!-- wp:separator --><\/p>\n<hr class=\"wp-block-separator has-alpha-channel-opacity\" \/>\n<p><!-- \/wp:separator --><!-- wp:paragraph --><\/p>\n<p>3. <a class=\"ek-link\" href=\"http:\/\/site.ufvjm.edu.br\/dequi\/files\/2020\/04\/TCC-BRENDA-Geralda-da-Silva.pdf\">EXPECTATIVAS PROFISSIONAIS E NECESSIDADES FORMATIVAS DE UM GRUPO DE LICENCIANDOS EM QU\u00cdMICA DA UNIVERSIDADE FEDERAL DOS VALES DO JEQUITINHONHA E MUCURI<\/a><\/p>\n<p><!-- \/wp:paragraph --><!-- wp:paragraph --><\/p>\n<p>Discente: Brenda Geralda da Silva<\/p>\n<p><!-- \/wp:paragraph --><!-- wp:paragraph --><\/p>\n<p>Orientadora: Profa. Dra. Aline de Souza Janerine<\/p>\n<p><!-- \/wp:paragraph --><!-- wp:separator --><\/p>\n<hr class=\"wp-block-separator has-alpha-channel-opacity\" \/>\n<p><!-- \/wp:separator --><!-- wp:paragraph --><\/p>\n<p>4. <a class=\"ek-link\" href=\"http:\/\/site.ufvjm.edu.br\/dequi\/files\/2020\/04\/TCC-Gabriel-Luiz-de-Miranda.pdf\">GARIMPANDO O CONHECIMENTO: Desenvolvimento de uma Sequ\u00eancia Did\u00e1tica para o Ensino de Qu\u00edmica em uma Comunidade Quilombola<\/a><\/p>\n<p><!-- \/wp:paragraph --><!-- wp:paragraph --><\/p>\n<p>Discente: Gabriel Luiz de Miranda<\/p>\n<p><!-- \/wp:paragraph --><!-- wp:paragraph --><\/p>\n<p>Orientadora: Profa. Dra. Ang\u00e9lica Oliveira de Ara\u00fajo<\/p>\n<p><!-- \/wp:paragraph --><!-- wp:paragraph --><\/p>\n<p>Coorientadora: Profa. Dra. Soraya de Carvalho Neves<\/p>\n<p><!-- \/wp:paragraph --><!-- wp:separator --><\/p>\n<hr class=\"wp-block-separator has-alpha-channel-opacity\" \/>\n<p><!-- \/wp:separator --><!-- wp:paragraph --><\/p>\n<p>5. <a href=\"http:\/\/site.ufvjm.edu.br\/dequi\/files\/2020\/04\/TCC-ITALO-MEDEIROS.pdf\">UNO QU\u00cdMICO: PROPOSTA DE ATIVIDADE ENVOLVENDO JOGOS L\u00daDICOS PARA A APRENDIZAGEM DE TABELA PERI\u00d3DICA NO ENSINO DE CI\u00caNCIAS<\/a><\/p>\n<p><!-- \/wp:paragraph --><!-- wp:paragraph --><\/p>\n<p>Discente: \u00cdtalo Tadeu de Medeiros Pereira<\/p>\n<p><!-- \/wp:paragraph --><!-- wp:paragraph --><\/p>\n<p>Orientadora: Profa. Dra. Ang\u00e9lica Oliveira de Ara\u00fajo<\/p>\n<p><!-- \/wp:paragraph --><!-- wp:paragraph --><\/p>\n<p>Coorientadora: Profa. Dra. Helen Rose de C. S. Andrade<\/p>\n<p><!-- \/wp:paragraph --><!-- wp:separator --><\/p>\n<hr class=\"wp-block-separator has-alpha-channel-opacity\" \/>\n<p><!-- \/wp:separator --><!-- wp:paragraph --><\/p>\n<p>6. <a href=\"http:\/\/site.ufvjm.edu.br\/dequi\/files\/2020\/04\/TCC-SILVANEY-DA-SILVA-ESPINDOLA.pdf\">A UTILIZA\u00c7\u00c3O DE UM J\u00daRI SIMULADO SOBRE PETR\u00d3LEO COMO ESTRAT\u00c9GIA PARA O ENSINO DE CI\u00caNCIAS<\/a><\/p>\n<p><!-- \/wp:paragraph --><!-- wp:paragraph --><\/p>\n<p>Discente: Silvaney da Silva Esp\u00edndola<\/p>\n<p><!-- \/wp:paragraph --><!-- wp:paragraph --><\/p>\n<p>Orientadora: Profa. Dra. Ang\u00e9lica Oliveira de Ara\u00fajo<\/p>\n<p><!-- \/wp:paragraph --><!-- wp:separator --><\/p>\n<hr class=\"wp-block-separator has-alpha-channel-opacity\" \/>\n<p><!-- \/wp:separator --><!-- wp:paragraph --><\/p>\n<p>7. <a href=\"http:\/\/site.ufvjm.edu.br\/dequi\/files\/2020\/04\/TCC-NAIARA-CALINCA-SANTOS.pdf\">INVESTIGANDO A PROBLEM\u00c1TICA EM APRENDER QU\u00cdMICA NA ABORDAGEM DE SOLU\u00c7\u00d5ES QU\u00cdMICAS: AN\u00c1LISES E PROPOSTAS<\/a><\/p>\n<p><!-- \/wp:paragraph --><!-- wp:paragraph --><\/p>\n<p>Discente: Naiara Calinca Santos<\/p>\n<p><!-- \/wp:paragraph --><!-- wp:paragraph --><\/p>\n<p>Orientadora: Profa. Dra. Cristina Fontes Diniz<\/p>\n<p><!-- \/wp:paragraph --><!-- wp:separator --><\/p>\n<hr class=\"wp-block-separator has-alpha-channel-opacity\" \/>\n<p><!-- \/wp:separator --><!-- wp:paragraph --><\/p>\n<p>8. <a href=\"http:\/\/site.ufvjm.edu.br\/dequi\/files\/2020\/04\/TCC-GRAZIELE-DAIANE-DO-NASCIMENTO.pdf\">EDUCA\u00c7\u00c3O INCLUSIVA DO ALUNO COM NECESSIDADES ESPECIAIS: PESPECTIVAS E DESAFIOS DE DOCENTES NA \u00c1REA DE QU\u00cdMICA<\/a><\/p>\n<p><!-- \/wp:paragraph --><!-- wp:paragraph --><\/p>\n<p>Discente: Graziele Daiane do Nascimento<\/p>\n<p><!-- \/wp:paragraph --><!-- wp:paragraph --><\/p>\n<p>Orientadora: Prof. Dra. Cristina Fontes Diniz<\/p>\n<p><!-- \/wp:paragraph --><!-- wp:paragraph --><\/p>\n<p>Co-Orientadora: Profa. J\u00e9ssica Mayara do Nascimento<\/p>\n<p><!-- \/wp:paragraph --><!-- wp:separator --><\/p>\n<hr class=\"wp-block-separator has-alpha-channel-opacity\" \/>\n<p><!-- \/wp:separator --><!-- wp:paragraph --><\/p>\n<p>9. <a href=\"https:\/\/drive.google.com\/file\/d\/1SOcOnGSfLA_tqAXu2ed2iuMWTnJ2qEBu\/view?usp=sharing\" target=\"_blank\" rel=\"noreferrer noopener\">ESTUDO DO REUSO DE<\/a>\u00a0<a href=\"https:\/\/drive.google.com\/file\/d\/1SOcOnGSfLA_tqAXu2ed2iuMWTnJ2qEBu\/view?usp=sharing\" target=\"_blank\" rel=\"noreferrer noopener\">CATALISADORES HETEROG\u00caNEOS A BASE DE\u00a0 S\u00cdLICA, \u00d3XIDO DE FERRO E HALOGENETOS DE POT\u00c1SSIO EM REA\u00c7\u00c3O DE\u00a0 TRANSESTERIFICA\u00c7\u00c3O PARA A PRODU\u00c7\u00c3O DE BIODIESEL<\/a><br \/>Discentes:\u00a0Eliane Cristina Costa;\u00a0Franciele Martins de Queiroz<\/p>\n<p><!-- \/wp:paragraph --><!-- wp:paragraph --><\/p>\n<p>Orientador: Prof. Dr. Jos\u00e9 Domingos Fabris\u00a0<\/p>\n<p><!-- \/wp:paragraph --><!-- wp:paragraph --><\/p>\n<p>Coorientadora: Dr.\u00aa\u00a0Alice Lopes Macedo<\/p>\n<p><!-- \/wp:paragraph --><!-- wp:paragraph --><\/p>\n<p><\/div><\/p>\n<p><!-- \/wp:paragraph --><!-- wp:paragraph --><!-- \/wp:paragraph --><!-- wp:paragraph --><\/p>\n<p><span class=\"collapseomatic \" id=\"id69f538bf14244\"  tabindex=\"0\" title=\"&lt;strong&gt;2020 - 2021&lt;\/strong&gt;\"    ><strong>2020 &#8211; 2021<\/strong><\/span><div id=\"target-id69f538bf14244\" class=\"collapseomatic_content \"><\/p>\n<p><!-- \/wp:paragraph --><!-- wp:paragraph --><\/p>\n<p><!-- \/wp:paragraph --><!-- wp:paragraph --><\/p>\n<p>1.\u00a0<a class=\"ek-link\" href=\"https:\/\/drive.google.com\/file\/d\/14UjPROnJSp6eMQSHT2GhaQXNKznxGy1M\/view?usp=sharing\" target=\"_blank\" rel=\"noreferrer noopener\" aria-label=\" (opens in a new tab)\">\u00a0<span class=\"uppercase\">An\u00e1lise dos par\u00e2metros de balneabilidade das \u00e1guas para recrea\u00e7\u00e3o do Parque Estadual do Biribiri em Diamantina-MG<\/span><\/a><\/p>\n<p><!-- \/wp:paragraph --><!-- wp:paragraph --><\/p>\n<p>Discentes:\u00a0 Mathaus Ferreira Santos e\u00a0Pedro Henrique Jesus Silva<\/p>\n<p><!-- \/wp:paragraph --><!-- wp:paragraph --><\/p>\n<p>Orientadora:\u00a0Profa. Dra. D\u00e9bora Vilela Franco<\/p>\n<p><!-- \/wp:paragraph --><!-- wp:paragraph --><\/p>\n<p>Coorientadora: Profa. Dra. Val\u00e9ria Macedo Cardoso<\/p>\n<p><!-- \/wp:paragraph --><!-- wp:separator --><\/p>\n<hr class=\"wp-block-separator has-alpha-channel-opacity\" \/>\n<p><!-- \/wp:separator --><!-- wp:paragraph --><\/p>\n<p>2.<span class=\"uppercase\">\u00a0<a class=\"ek-link\" href=\"https:\/\/drive.google.com\/file\/d\/1nYGsZFdegzUb3lhWn-703XhrEYSTfgaC\/view?usp=sharing\" target=\"_blank\" rel=\"noreferrer noopener\">S\u00edntese e estudo da intera\u00e7\u00e3o dos pept\u00eddeos bioativos Ocelatina LB1, LB2 e F1 com meios mim\u00e9ticos de membrana por calorimetria de titula\u00e7\u00e3o calorim\u00e9trica.\u00a0\u00a0<\/a><\/span><\/p>\n<p><!-- \/wp:paragraph --><!-- wp:paragraph --><\/p>\n<p>Discente:\u00a0Daniel Augusto Augusto Guedes Reis\u00a0\u00a0 \u00a0 \u00a0<\/p>\n<p><!-- \/wp:paragraph --><!-- wp:paragraph --><\/p>\n<p>Orientador: Prof. Dr.\u00a0Rodrigo Moreira Verly<\/p>\n<p><!-- \/wp:paragraph --><!-- wp:separator --><\/p>\n<hr class=\"wp-block-separator has-alpha-channel-opacity\" \/>\n<p><!-- \/wp:separator --><!-- wp:paragraph --><\/p>\n<p>3<span class=\"uppercase\">.\u00a0<a class=\"ek-link\" href=\"https:\/\/drive.google.com\/file\/d\/1rqLnKIcSYXQKIh13yhm5JuKfasu9pl7a\/view?usp=sharing\" target=\"_blank\" rel=\"noreferrer noopener\">An\u00e1lises f\u00edsico-qu\u00edmica da \u00e1gua do Parque Estadual do Biribiri e Vila do Biribiri no munic\u00edpio de Diamantina-MG<\/a>\u00a0\u00a0<\/span><\/p>\n<p><!-- \/wp:paragraph --><!-- wp:paragraph --><\/p>\n<p>Discente:\u00a0Gleiciene Ribeiro de Magalh\u00e3es\u00a0<\/p>\n<p><!-- \/wp:paragraph --><!-- wp:paragraph --><\/p>\n<p>Orientadora: Profa. Dra.\u00a0D\u00e9bora Vilela Franco<\/p>\n<p><!-- \/wp:paragraph --><!-- wp:separator --><\/p>\n<hr class=\"wp-block-separator has-alpha-channel-opacity\" \/>\n<p><!-- \/wp:separator --><!-- wp:paragraph --><\/p>\n<p>4.\u00a0<a class=\"ek-link\" href=\"https:\/\/drive.google.com\/file\/d\/1BhZtxarRxbkOBNE9C1fwkRjUsGRYd3g8\/view?usp=sharing\" target=\"_blank\" rel=\"noreferrer noopener\"><span class=\"uppercase\">M\u00e9todo de triagem eletroqu\u00edmica para identifica\u00e7\u00e3o preliminar de dietilamina do \u00e1cido lis\u00e9rgico (LSD) em an\u00e1lises forenses\u00a0<\/span><\/a> \u00a0<\/p>\n<p><!-- \/wp:paragraph --><!-- wp:paragraph --><\/p>\n<p>Discente:\u00a0Luan Mendon\u00e7a Santos\u00a0 \u00a0<\/p>\n<p><!-- \/wp:paragraph --><!-- wp:paragraph --><\/p>\n<p>Orientador: Dr. Wallans Torres Pio dos Santos\u00a0\u00a0 \u00a0<\/p>\n<p><!-- \/wp:paragraph --><!-- wp:paragraph --><\/p>\n<p>Coorientador: Msc. Dilton Martins Pimentel<\/p>\n<p><!-- \/wp:paragraph --><!-- wp:separator --><\/p>\n<hr class=\"wp-block-separator has-alpha-channel-opacity\" \/>\n<p><!-- \/wp:separator --><!-- wp:paragraph --><\/p>\n<p>5.\u00a0<span class=\"uppercase\"><a class=\"ek-link\" href=\"https:\/\/drive.google.com\/file\/d\/1UfXD7WTou4F0psGZeh7s3FwTvPRMEPcY\/view?usp=sharing\" target=\"_blank\" rel=\"noreferrer noopener\">Obten\u00e7\u00e3o e caracteriza\u00e7\u00e3o de catalisador obtido a partir de atapulgita para degrada\u00e7\u00e3o de ranitidina em \u00e1gua<\/a>\u00a0<\/span> \u00a0<\/p>\n<p><!-- \/wp:paragraph --><!-- wp:paragraph --><\/p>\n<p>Discente:\u00a0Maria Eduarda Soares Pinheiro\u00a0 \u00a0<\/p>\n<p><!-- \/wp:paragraph --><!-- wp:paragraph --><\/p>\n<p>Orientadora: Profa. Dra.\u00a0D\u00e9bora Vilela Franco<\/p>\n<p>\u00a0<\/p>\n<p><!-- \/wp:paragraph --><!-- wp:paragraph --><\/p>\n<p><\/div><\/p>\n<p><!-- \/wp:paragraph --><!-- wp:paragraph --><!-- \/wp:paragraph --><!-- wp:paragraph --><\/p>\n<p><span class=\"collapseomatic \" id=\"id69f538bf14322\"  tabindex=\"0\" title=\"&lt;strong&gt;2022 - 2023&lt;\/strong&gt;\"    ><strong>2022 &#8211; 2023<\/strong><\/span><div id=\"target-id69f538bf14322\" class=\"collapseomatic_content \"><\/p>\n<p><!-- \/wp:paragraph --><!-- wp:paragraph --><\/p>\n<p><!-- \/wp:paragraph --><!-- wp:paragraph --><\/p>\n<p>1.\u00a0<a class=\"ek-link\" href=\"https:\/\/facet.ufvjm.edu.br\/wp-content\/uploads\/quimica-tcc\/TCC___Alexandre.pdf?_t=1708451469\" target=\"_blank\" rel=\"noreferrer noopener\" aria-label=\"ENSINO DE QU\u00cdMICA EM TEMPOS DE PANDEMIA: UMA AN\u00c1LISE A PARTIR DA REVIS\u00c3O DE LITERATURA (opens in a new tab)\">ENSINO DE QU\u00cdMICA EM TEMPOS DE PANDEMIA: UMA AN\u00c1LISE A PARTIR DA REVIS\u00c3O DE LITERATURA<\/a><\/p>\n<p><!-- \/wp:paragraph --><!-- wp:paragraph --><\/p>\n<p>Discente:\u00a0 Alexandre Milanez Brand\u00e3o<\/p>\n<p><!-- \/wp:paragraph --><!-- wp:paragraph --><\/p>\n<p>Orientadora:\u00a0Prof\u00aa. Dr\u00aa. Lara Carlette Thiengo<\/p>\n<p><!-- \/wp:paragraph --><!-- wp:separator --><\/p>\n<hr class=\"wp-block-separator has-alpha-channel-opacity\" \/>\n<p><!-- \/wp:separator --><!-- wp:paragraph --><\/p>\n<p>2.<span class=\"uppercase\">\u00a0<\/span><a class=\"ek-link\" href=\"https:\/\/facet.ufvjm.edu.br\/wp-content\/uploads\/quimica-tcc\/TCC_Savio.pdf?_t=1708451469\" target=\"_blank\" rel=\"noreferrer noopener\" aria-label=\"PERSPECTIVAS SOBRE O ENSINO REMOTO E OS DESAFIOS VIVENCIADOS POR PROFESSORES DE CI\u00caNCIAS: UM ESTUDO DE CASO EM FEL\u00cdCIO DOS SANTOS - MG (opens in a new tab)\">PERSPECTIVAS SOBRE O ENSINO REMOTO E OS DESAFIOS VIVENCIADOS POR PROFESSORES DE CI\u00caNCIAS: UM ESTUDO DE CASO EM FEL\u00cdCIO DOS SANTOS &#8211; MG<\/a><\/p>\n<p><!-- \/wp:paragraph --><!-- wp:paragraph --><\/p>\n<p>Discente:\u00a0S\u00e1vio Augusto Ferreira Damaceno \u00a0 \u00a0<\/p>\n<p><!-- \/wp:paragraph --><!-- wp:paragraph --><\/p>\n<p>Orientadora: Profa. Dra. Aline de Souza Janerine<\/p>\n<p><!-- \/wp:paragraph --><!-- wp:separator --><\/p>\n<hr class=\"wp-block-separator has-alpha-channel-opacity\" \/>\n<p><!-- \/wp:separator --><!-- wp:paragraph --><\/p>\n<p>3<span class=\"uppercase\">.<\/span> <a class=\"ek-link\" href=\"https:\/\/facet.ufvjm.edu.br\/wp-content\/uploads\/quimica-tcc\/TCC_LAILSON_PRADO_com_correcao.pdf?_t=1708451469\" target=\"_blank\" rel=\"noreferrer noopener\" aria-label=\"FRACASSO ESCOLAR: UM DESAFIO A SER COMPREENDIDO (opens in a new tab)\">FRACASSO ESCOLAR: UM DESAFIO A SER COMPREENDIDO<\/a><\/p>\n<p><!-- \/wp:paragraph --><!-- wp:paragraph --><\/p>\n<p>Discente:\u00a0Lailson Prado Lacerda<\/p>\n<p><!-- \/wp:paragraph --><!-- wp:paragraph --><\/p>\n<p>Orientadora: Profa. Dra. Patr\u00edcia Machado de Oliveira<\/p>\n<p><!-- \/wp:paragraph --><!-- wp:separator --><\/p>\n<hr class=\"wp-block-separator has-alpha-channel-opacity\" \/>\n<p><!-- \/wp:separator --><!-- wp:paragraph --><\/p>\n<p>4.\u00a0<a class=\"ek-link\" href=\"https:\/\/facet.ufvjm.edu.br\/wp-content\/uploads\/quimica-tcc\/TCC_Betania.pdf?_t=1708451469\" target=\"_blank\" rel=\"noreferrer noopener\" aria-label=\"PERSPECTIVAS SOBRE O ENSINO REMOTO E OS DESAFIOS VIVENCIADOS POR PROFESSORES DE CI\u00caNCIAS: UM ESTUDO DE CASO EM S\u00c3O GON\u00c7ALO DO RIO PRETO - MG (opens in a new tab)\">PERSPECTIVAS SOBRE O ENSINO REMOTO E OS DESAFIOS VIVENCIADOS POR PROFESSORES DE CI\u00caNCIAS: UM ESTUDO DE CASO EM S\u00c3O GON\u00c7ALO DO RIO PRETO &#8211; MG<\/a><\/p>\n<p><!-- \/wp:paragraph --><!-- wp:paragraph --><\/p>\n<p>Discente:\u00a0Bet\u00e2nia Maria Lopes\u00a0<\/p>\n<p><!-- \/wp:paragraph --><!-- wp:paragraph --><\/p>\n<p>Orientadora: Prof. Dra. Aline de Souza Janerine\u00a0<\/p>\n<p><!-- \/wp:paragraph --><!-- wp:separator --><\/p>\n<hr class=\"wp-block-separator has-alpha-channel-opacity\" \/>\n<p><!-- \/wp:separator --><!-- wp:paragraph --><\/p>\n<p>5. <a class=\"ek-link\" href=\"https:\/\/facet.ufvjm.edu.br\/wp-content\/uploads\/quimica-tcc\/TCC_Karla_final.pdf?_t=1708451469\" target=\"_blank\" rel=\"noreferrer noopener\" aria-label=\"PURIFICA\u00c7\u00c3O DE SOLU\u00c7\u00c3O DE HIDR\u00d3XIDO DE L\u00cdTIO POR TROCA I\u00d4NICA (opens in a new tab)\">PURIFICA\u00c7\u00c3O DE SOLU\u00c7\u00c3O DE HIDR\u00d3XIDO DE L\u00cdTIO POR TROCA I\u00d4NICA<\/a><\/p>\n<p><!-- \/wp:paragraph --><!-- wp:paragraph --><\/p>\n<p>Discente:\u00a0Karla Victoria Tavares Castro<\/p>\n<p><!-- \/wp:paragraph --><!-- wp:paragraph --><\/p>\n<p>Orientador: Prof. Dr. Leandro Rodrigues de Lemos\u00a0<\/p>\n<p><!-- \/wp:paragraph --><!-- wp:paragraph --><\/p>\n<p>Coorientadora: MSc. Keycianne Cruz Silva\u00a0<\/p>\n<p><!-- \/wp:paragraph --><!-- wp:paragraph --><\/p>\n<p><!-- \/wp:paragraph --><!-- wp:separator --><\/p>\n<hr class=\"wp-block-separator has-alpha-channel-opacity\" \/>\n<p><!-- \/wp:separator --><!-- wp:paragraph --><\/p>\n<p>6. <a class=\"ek-link\" href=\"https:\/\/facet.ufvjm.edu.br\/wp-content\/uploads\/quimica-tcc\/TCC_finalizado_e_corrigido___Brenda_Carolina.pdf?_t=1708451469\" target=\"_blank\" rel=\"noreferrer noopener\" aria-label=\"SENHA DE CORES: DESENVOLVIMENTO DE UMA ATIVIDADE INVESTIGATIVA SOBRE A TEORIA \u00c1CIDO-BASE EM UMA TURMA DO ENSINO FUNDAMENTAL (opens in a new tab)\">SENHA DE CORES: DESENVOLVIMENTO DE UMA ATIVIDADE INVESTIGATIVA SOBRE A TEORIA \u00c1CIDO-BASE EM UMA TURMA DO ENSINO FUNDAMENTAL<\/a><\/p>\n<p><!-- \/wp:paragraph --><!-- wp:paragraph --><\/p>\n<p>Discente:\u00a0Brenda Carolina Lucena Oliveira<\/p>\n<p><!-- \/wp:paragraph --><!-- wp:paragraph --><\/p>\n<p>Orientadora: Profa. Dra. Ang\u00e9lica Oliveira de Ara\u00fajo\u00a0<\/p>\n<p><!-- \/wp:paragraph --><!-- wp:paragraph --><\/p>\n<p>Coorientador: \u00a0Ms. Matheus de Castro e Silva<\/p>\n<p><!-- \/wp:paragraph --><!-- wp:paragraph --><\/p>\n<p><!-- \/wp:paragraph --><!-- wp:separator --><\/p>\n<hr class=\"wp-block-separator has-alpha-channel-opacity\" \/>\n<p><!-- \/wp:separator --><!-- wp:paragraph --><\/p>\n<p>7. <a class=\"ek-link\" href=\"https:\/\/facet.ufvjm.edu.br\/wp-content\/uploads\/quimica-tcc\/OS%20ITENS%20DE%20QU%C3%8DMICA%20E%20O%20DESEMPENHO%20DOS%20ESTUDANTES%20NO%20EXAME%20NACIONAL%20DO%20ENSINO%20M%C3%89DIO%20%28ENEM%29%20DE%202019%20-%20ANDERSON%20DE%20MATOS%20ALVES%20SILVA%20finalizado.%20pdf%20%281%29.pdf?_t=1708451469\" target=\"_blank\" rel=\"noreferrer noopener\" aria-label=\"OS ITENS DE QU\u00cdMICA E O DESEMPENHO DOS ESTUDANTES NO EXAME NACIONAL DO ENSINO M\u00c9DIO (ENEM) DE 2019 (opens in a new tab)\">OS ITENS DE QU\u00cdMICA E O DESEMPENHO DOS ESTUDANTES NO EXAME NACIONAL DO ENSINO M\u00c9DIO (ENEM) DE 2019<\/a><\/p>\n<p><!-- \/wp:paragraph --><!-- wp:paragraph --><\/p>\n<p>Discente:\u00a0Anderson de Matos Alves Silva<\/p>\n<p><!-- \/wp:paragraph --><!-- wp:paragraph --><\/p>\n<p>Orientadora: Prof\u00aa. Dr\u00aa. Patr\u00edcia Machado de Oliveira\u00a0<\/p>\n<p><!-- \/wp:paragraph --><!-- wp:paragraph --><\/p>\n<p>Coorientadora: Prof\u00aa. Dr\u00aa.\u00a0Cristina Fontes Diniz<\/p>\n<p><!-- \/wp:paragraph --><!-- wp:paragraph --><\/p>\n<p><!-- \/wp:paragraph --><!-- wp:separator --><\/p>\n<hr class=\"wp-block-separator has-alpha-channel-opacity\" \/>\n<p><!-- \/wp:separator --><!-- wp:paragraph --><\/p>\n<p>8. <a class=\"ek-link\" href=\"https:\/\/facet.ufvjm.edu.br\/wp-content\/uploads\/quimica-tcc\/TCC_M%C3%A1rcia%20-%20QU%C3%8DMICA.pdf?_t=1708451469\" target=\"_blank\" rel=\"noreferrer noopener\" aria-label=\"AN\u00c1LISE DE ITENS DE QU\u00cdMICA E O DESEMPENHO DOS ESTUDANTES NO EXAME NACIONAL DO ENSINO M\u00c9DIO (ENEM) DO ANO DE 2014 (opens in a new tab)\">AN\u00c1LISE DE ITENS DE QU\u00cdMICA E O DESEMPENHO DOS ESTUDANTES NO EXAME NACIONAL DO ENSINO M\u00c9DIO (ENEM) DO ANO DE 2014<\/a><\/p>\n<p><!-- \/wp:paragraph --><!-- wp:paragraph --><\/p>\n<p>Discente:\u00a0M\u00e1rcia do Carmo Vieira Higino<\/p>\n<p><!-- \/wp:paragraph --><!-- wp:paragraph --><\/p>\n<p>Orientadora: Prof\u00aa. Dr\u00aa. Patr\u00edcia Machado de Oliveira\u00a0<\/p>\n<p><!-- \/wp:paragraph --><!-- wp:paragraph --><\/p>\n<p>Coorientadora: Prof\u00aa. Dr\u00aa.\u00a0Cristina Fontes Diniz<\/p>\n<p><!-- \/wp:paragraph --><!-- wp:paragraph --><\/p>\n<p><!-- \/wp:paragraph --><!-- wp:separator --><\/p>\n<hr class=\"wp-block-separator has-alpha-channel-opacity\" \/>\n<p><!-- \/wp:separator --><!-- wp:paragraph --><\/p>\n<p>9. <a class=\"ek-link\" href=\"https:\/\/drive.google.com\/file\/d\/1ZJLO_RKVLyJ7C5tOXfy1qIc7XUp9c2Mv\/view?usp=sharing\" target=\"_blank\" rel=\"noreferrer noopener\" aria-label=\"AN\u00c1LISE DE ITENS DE QU\u00cdMICA E O DESEMPENHO DOS ESTUDANTES NO EXAME NACIONAL DO ENSINO M\u00c9DIO (ENEM) DO ANO DE 2014 (opens in a new tab)\">ESTUDOS DE APLICA\u00c7\u00d5ES DE CARBON DOTS EM SISTEMAS BIOL\u00d3GICOS<\/a><\/p>\n<p><!-- \/wp:paragraph --><!-- wp:paragraph --><\/p>\n<p>Discente: Danila Graziele Silva de Avelar<\/p>\n<p><!-- \/wp:paragraph --><!-- wp:paragraph --><\/p>\n<p>Orientador: Prof. Dr. Frederico Ramos Fioravante<\/p>\n<p><!-- \/wp:paragraph --><!-- wp:paragraph --><\/p>\n<p><!-- \/wp:paragraph --><!-- wp:paragraph --><\/p>\n<p><!-- \/wp:paragraph --><!-- wp:paragraph --><\/p>\n<p><!-- \/wp:paragraph --><!-- wp:separator --><\/p>\n<hr class=\"wp-block-separator has-alpha-channel-opacity\" \/>\n<p><!-- \/wp:separator --><!-- wp:paragraph --><\/p>\n<p>10. <a class=\"ek-link\" href=\"https:\/\/drive.google.com\/file\/d\/1OKMMkNK8d8LsR9K7hmZD_Culm54IJVmR\/view?usp=sharing\" target=\"_blank\" rel=\"noreferrer noopener\" aria-label=\"AN\u00c1LISE DE ITENS DE QU\u00cdMICA E O DESEMPENHO DOS ESTUDANTES NO EXAME NACIONAL DO ENSINO M\u00c9DIO (ENEM) DO ANO DE 2014 (opens in a new tab)\">UMA AN\u00c1LISE SOBRE BB CREAMS E SUAS PERSPECTIVAS NA IND\u00daSTRIA DE COSM\u00c9TICOS<\/a><\/p>\n<p><!-- \/wp:paragraph --><!-- wp:paragraph --><\/p>\n<p>Discente: Giovanna Paula Ara\u00fajo<\/p>\n<p><!-- \/wp:paragraph --><!-- wp:paragraph --><\/p>\n<p>Orientador: Prof. Dr. Guilherme Carneiro<\/p>\n<p><!-- \/wp:paragraph --><!-- wp:paragraph --><\/p>\n<p><!-- \/wp:paragraph --><!-- wp:paragraph --><\/p>\n<p><!-- \/wp:paragraph --><!-- wp:paragraph --><\/p>\n<p><!-- \/wp:paragraph --><!-- wp:separator --><\/p>\n<hr class=\"wp-block-separator has-alpha-channel-opacity\" \/>\n<p><!-- \/wp:separator --><!-- wp:paragraph --><\/p>\n<p>11. <a class=\"ek-link\" href=\"https:\/\/drive.google.com\/file\/d\/1WuIXhtyw1dUaQDLQfivMz5hPN-fmb2SS\/view?usp=sharing\" target=\"_blank\" rel=\"noreferrer noopener\" aria-label=\"AN\u00c1LISE DE ITENS DE QU\u00cdMICA E O DESEMPENHO DOS ESTUDANTES NO EXAME NACIONAL DO ENSINO M\u00c9DIO (ENEM) DO ANO DE 2014 (opens in a new tab)\">EXTENS\u00c3O POPULAR NA OCUPA\u00c7\u00c3O VIT\u00d3RIA: UM OLHAR A PARTIR DAS PR\u00c1TICAS EM CI\u00caNCIAS DA NATUREZA<\/a><\/p>\n<p><!-- \/wp:paragraph --><!-- wp:paragraph --><\/p>\n<p>Discente: Juliete Carine Ribeiro Andrade<\/p>\n<p><!-- \/wp:paragraph --><!-- wp:paragraph --><\/p>\n<p>Orientadora: Prof. Dr. Lara CarletteThiengo<\/p>\n<p><!-- \/wp:paragraph --><!-- wp:paragraph --><\/p>\n<p><!-- \/wp:paragraph --><!-- wp:paragraph --><\/p>\n<p><!-- \/wp:paragraph --><!-- wp:paragraph --><\/p>\n<p><!-- \/wp:paragraph --><!-- wp:separator --><\/p>\n<hr class=\"wp-block-separator has-alpha-channel-opacity\" \/>\n<p><!-- \/wp:separator --><!-- wp:paragraph --><\/p>\n<p>12. <a class=\"ek-link\" href=\"https:\/\/drive.google.com\/file\/d\/1ZKbY6bmr4oywiI38Ntb0fNp37CCLlpgZ\/view?usp=sharing\" target=\"_blank\" rel=\"noreferrer noopener\" aria-label=\"AN\u00c1LISE DE ITENS DE QU\u00cdMICA E O DESEMPENHO DOS ESTUDANTES NO EXAME NACIONAL DO ENSINO M\u00c9DIO (ENEM) DO ANO DE 2014 (opens in a new tab)\">INTEGRANDO TECNOLOGIA E EDUCA\u00c7\u00c3O: EXPLORANDO A METODOLOGIA WEBQUEST NO ENSINO DE QU\u00cdMICA<\/a><\/p>\n<p><!-- \/wp:paragraph --><!-- wp:paragraph --><\/p>\n<p>Discente: Lorena<\/p>\n<p><!-- \/wp:paragraph --><!-- wp:paragraph --><\/p>\n<p>Orientador:\u00a0<\/p>\n<p><!-- \/wp:paragraph --><!-- wp:paragraph --><\/p>\n<p><!-- \/wp:paragraph --><!-- wp:paragraph --><\/p>\n<p><!-- \/wp:paragraph --><!-- wp:paragraph --><\/p>\n<p><!-- \/wp:paragraph --><!-- wp:separator --><\/p>\n<hr class=\"wp-block-separator has-alpha-channel-opacity\" \/>\n<p><!-- \/wp:separator --><!-- wp:paragraph --><\/p>\n<p>13. <a class=\"ek-link\" href=\"https:\/\/drive.google.com\/file\/d\/1GwN36pHJZ9Xy7W6QMuWZVOCfyz9_vSpd\/view?usp=sharing\" target=\"_blank\" rel=\"noreferrer noopener\" aria-label=\"AN\u00c1LISE DE ITENS DE QU\u00cdMICA E O DESEMPENHO DOS ESTUDANTES NO EXAME NACIONAL DO ENSINO M\u00c9DIO (ENEM) DO ANO DE 2014 (opens in a new tab)\">COMO A QU\u00cdMICA PODE AUXILIAR NO COMBATE AO CORONAV\u00cdRUS?<\/a><\/p>\n<p><!-- \/wp:paragraph --><!-- wp:paragraph --><\/p>\n<p>Discente: Ma\u00edsa da Costa Santos<\/p>\n<p><!-- \/wp:paragraph --><!-- wp:paragraph --><\/p>\n<p>Orientadora: Prof. Dra. Helen Rose de Castro<br \/>Andrade<\/p>\n<p><!-- \/wp:paragraph --><!-- wp:paragraph --><\/p>\n<p><!-- \/wp:paragraph --><!-- wp:paragraph --><\/p>\n<p><!-- \/wp:paragraph --><!-- wp:paragraph --><\/p>\n<p><!-- \/wp:paragraph --><!-- wp:separator --><\/p>\n<hr class=\"wp-block-separator has-alpha-channel-opacity\" \/>\n<p><!-- \/wp:separator --><!-- wp:paragraph --><\/p>\n<p>14. <a class=\"ek-link\" href=\"https:\/\/drive.google.com\/file\/d\/1WYmZ2zXSFNf9bDYE8mML_wce1GdiGLTE\/view?usp=sharing\" target=\"_blank\" rel=\"noreferrer noopener\" aria-label=\"AN\u00c1LISE DE ITENS DE QU\u00cdMICA E O DESEMPENHO DOS ESTUDANTES NO EXAME NACIONAL DO ENSINO M\u00c9DIO (ENEM) DO ANO DE 2014 (opens in a new tab)\">AVALIANDO A IMPLEMENTA\u00c7\u00c3O DA TEM\u00c1TICA \u201cMINERA\u00c7\u00c3O\u201d ATRAV\u00c9S DE UMA ABORDAGEM COM ENFOQUE CTS\/CTSA.<\/a><\/p>\n<p><!-- \/wp:paragraph --><!-- wp:paragraph --><\/p>\n<p>Discente: Rayara Silva Reis<\/p>\n<p><!-- \/wp:paragraph --><!-- wp:paragraph --><\/p>\n<p>Orientadora: Prof. Dra. Helen Rose de Castro<br \/>Andrade<\/p>\n<hr class=\"wp-block-separator has-alpha-channel-opacity\" \/>\n<p><!-- \/wp:separator --><!-- wp:paragraph --><\/p>\n<p>15. <a class=\"ek-link\" href=\"https:\/\/drive.google.com\/file\/d\/1mNv-2QYn_ggmVRJ1rCy5sMeesTQ2lnnJ\/view?usp=sharing\" target=\"_blank\" rel=\"noreferrer noopener\" aria-label=\"AN\u00c1LISE DE ITENS DE QU\u00cdMICA E O DESEMPENHO DOS ESTUDANTES NO EXAME NACIONAL DO ENSINO M\u00c9DIO (ENEM) DO ANO DE 2014 (opens in a new tab)\">A PERSPECTIVA FREIREANA NA FORMA\u00c7\u00c3O DE PROFESSORES DE CI\u00caNCIAS NATURAIS: UMA REVIS\u00c3O DE LITERATURA<\/a><\/p>\n<p><!-- \/wp:paragraph --><!-- wp:paragraph --><\/p>\n<p>Discente: Sarah<\/p>\n<p><!-- \/wp:paragraph --><!-- wp:paragraph --><\/p>\n<p>Orientadora:\u00a0<\/p>\n<hr class=\"wp-block-separator has-alpha-channel-opacity\" \/>\n<p><!-- \/wp:separator --><!-- wp:paragraph --><\/p>\n<p>16. <a class=\"ek-link\" href=\"https:\/\/drive.google.com\/file\/d\/1UUKD0E4I0bzSPYhu3BUqQACDmGDMEkmX\/view?usp=sharing\" target=\"_blank\" rel=\"noreferrer noopener\" aria-label=\"AN\u00c1LISE DE ITENS DE QU\u00cdMICA E O DESEMPENHO DOS ESTUDANTES NO EXAME NACIONAL DO ENSINO M\u00c9DIO (ENEM) DO ANO DE 2014 (opens in a new tab)\">CARACTERIZA\u00c7\u00c3O QU\u00cdMICA DE \u00d3LEOS ESSENCIAIS E AVALIA\u00c7\u00c3O DO POTENCIAL HERBICIDA DE Lippia alba E Lippia gracilis<\/a><\/p>\n<p><!-- \/wp:paragraph --><!-- wp:paragraph --><\/p>\n<p>Discente: Michele Concei\u00e7\u00e3o Miranda<\/p>\n<p><!-- \/wp:paragraph --><!-- wp:paragraph --><\/p>\n<p>Orientadora: Profa. Dra. Roqueline Rodrigues Silva<\/p>\n<p>Co-orientador: Dr. Abra\u00e3o Jos\u00e9 da Silva Viana<\/p>\n<hr class=\"wp-block-separator has-alpha-channel-opacity\" \/>\n<p><!-- \/wp:separator --><!-- wp:paragraph --><\/p>\n<p>17. <a class=\"ek-link\" href=\"https:\/\/drive.google.com\/file\/d\/1fnj5WCCRwqne-gRz9cMIBm153c1K7M2K\/view?usp=sharing\" target=\"_blank\" rel=\"noreferrer noopener\" aria-label=\"AN\u00c1LISE DE ITENS DE QU\u00cdMICA E O DESEMPENHO DOS ESTUDANTES NO EXAME NACIONAL DO ENSINO M\u00c9DIO (ENEM) DO ANO DE 2014 (opens in a new tab)\">RECUPERA\u00c7\u00c3O DA 4-METILPIPERIDINA E N,N-DIMETILFORMAMIDA UTILIZADOS EM S\u00cdNTESE DE PEPT\u00cdDEOS EM FASE S\u00d3LIDA VIA ESTRAT\u00c9GIA FMOC<\/a><\/p>\n<p><!-- \/wp:paragraph --><!-- wp:paragraph --><\/p>\n<p>Discente: Larissa Silveira Matsamura<\/p>\n<p><!-- \/wp:paragraph --><!-- wp:paragraph --><\/p>\n<p>Orientador: Prof. Dr. Rodrigo Moreira Verly<\/p>\n<p><\/div><\/p>\n<p><!-- \/wp:paragraph --><\/p>\t\t\t\t\t\t<\/div>\n\t\t\t\t<\/div>\n\t\t\t\t\t<\/div>\n\t\t\t\t<\/div>\n\t\t\t\t\t\t\t<\/div>\n\t\t","protected":false},"excerpt":{"rendered":"<p>Lista de trabalhos defendidos pelos discentes de Licenciatura em Qu\u00edmica nas modalidades de monografia e artigo cient\u00edfico, organizados por per\u00edodo:<\/p>\n","protected":false},"author":1,"featured_media":0,"parent":318,"menu_order":0,"comment_status":"closed","ping_status":"closed","template":"","meta":{"_editorskit_title_hidden":false,"_editorskit_reading_time":0,"_editorskit_is_block_options_detached":false,"_editorskit_block_options_position":"{}","_exactmetrics_skip_tracking":false,"_exactmetrics_sitenote_active":false,"_exactmetrics_sitenote_note":"","_exactmetrics_sitenote_category":0,"footnotes":""},"_links":{"self":[{"href":"https:\/\/quimica.ufvjm.edu.br\/index.php?rest_route=\/wp\/v2\/pages\/330"}],"collection":[{"href":"https:\/\/quimica.ufvjm.edu.br\/index.php?rest_route=\/wp\/v2\/pages"}],"about":[{"href":"https:\/\/quimica.ufvjm.edu.br\/index.php?rest_route=\/wp\/v2\/types\/page"}],"author":[{"embeddable":true,"href":"https:\/\/quimica.ufvjm.edu.br\/index.php?rest_route=\/wp\/v2\/users\/1"}],"replies":[{"embeddable":true,"href":"https:\/\/quimica.ufvjm.edu.br\/index.php?rest_route=%2Fwp%2Fv2%2Fcomments&post=330"}],"version-history":[{"count":155,"href":"https:\/\/quimica.ufvjm.edu.br\/index.php?rest_route=\/wp\/v2\/pages\/330\/revisions"}],"predecessor-version":[{"id":6209,"href":"https:\/\/quimica.ufvjm.edu.br\/index.php?rest_route=\/wp\/v2\/pages\/330\/revisions\/6209"}],"up":[{"embeddable":true,"href":"https:\/\/quimica.ufvjm.edu.br\/index.php?rest_route=\/wp\/v2\/pages\/318"}],"wp:attachment":[{"href":"https:\/\/quimica.ufvjm.edu.br\/index.php?rest_route=%2Fwp%2Fv2%2Fmedia&parent=330"}],"curies":[{"name":"wp","href":"https:\/\/api.w.org\/{rel}","templated":true}]}}